{"id":4385,"date":"2017-06-20T06:54:44","date_gmt":"2017-06-20T06:54:44","guid":{"rendered":"https:\/\/www.findmadeira.pt\/best-of\/"},"modified":"2017-06-20T06:54:44","modified_gmt":"2017-06-20T06:54:44","slug":"best-of","status":"publish","type":"page","link":"https:\/\/www.findportugal.pt\/en\/best-of\/","title":{"rendered":"Best of"},"content":{"rendered":"<div class=\"wpb-content-wrapper\"><p>[vc_row disable_element=&#8221;yes&#8221;][vc_column]<div class=\"eltd-elements-holder eltd-one-column eltd-responsive-mode-768\" ><div class=\"eltd-eh-item \"  data-item-class=\"eltd-eh-custom-723898\" data-1280-1600=\"0 6.7% 5.5% 6.7%\" data-1024-1280=\"0 7.5% 6.2% 7.5%\" data-768-1024=\"0 9.2% 7.6% 9.2%\" data-600-768=\"0 11% 9%\" data-480-600=\"0 5% 30%\" data-480=\"0 5% 30%\">\n\t<div class=\"eltd-eh-item-inner\">\n\t\t<div class=\"eltd-eh-item-content eltd-eh-custom-723898\" style=\"padding: 0 6.7% 5.9% 6.7%\">\n\t\t\t\n<div class=\"eltd-ls-gallery-normal-space eltd-ls-categories-holder eltd-ls-category-gallery clearfix eltd-ls-gallery-four-columns\">\n\t<div class=\"eltd-ls-gallery-inner clearfix\">\n\t\t<div class=\"eltd-ls-gallery-sizer\"><\/div>\n\t\t<article class=\"eltd-ls-item eltd-ls-gallery-item eltd-ls-gallery-standard eltd-ls-gallery-rec-portrait \" >\n\n    <div class=\"eltd-ls-item-inner\">\n\n        \t        <a href=\"https:\/\/www.findportugal.pt\/en\/eat\/\" class=\"eltd-ls-gallery-item-overlay\"><\/a>\n        \n        <div class=\"eltd-ls-gallery-item-wrapper\">\n\n            <div class=\"eltd-ls-cat-icon eltd-custom-icon\"><img decoding=\"async\" src=\"https:\/\/www.findportugal.pt\/wp-content\/uploads\/2024\/03\/listing-comer_1.png\" alt=\"Category Custom Icon\"\/><\/div>\n            <div class=\"eltd-ls-gallery-item-text\">\n\n                <h3 class=\"eltd-gallery-item-title\">\n                    Eat                <\/h3>\n\n                \n                    <div class=\"eltd-ls-gallery-item-desc\">\n                        <p>Flavors we must try<\/p>\n                    <\/div>\n\n                \n            <\/div>\n\n        <\/div>\n        <div class=\"eltd-ls-item-bgrnd\" style=\"background-image: url(https:\/\/www.findportugal.pt\/wp-content\/uploads\/2024\/03\/img-lista-comer-1.jpg)\"><\/div>\n\t   \n    <\/div>\n\n<\/article><article class=\"eltd-ls-item eltd-ls-gallery-item eltd-ls-gallery-standard eltd-ls-gallery-square-small \" >\n\n    <div class=\"eltd-ls-item-inner\">\n\n        \t        <a href=\"https:\/\/www.findportugal.pt\/en\/sleep\/\" class=\"eltd-ls-gallery-item-overlay\"><\/a>\n        \n        <div class=\"eltd-ls-gallery-item-wrapper\">\n\n            <div class=\"eltd-ls-cat-icon eltd-custom-icon\"><img decoding=\"async\" src=\"https:\/\/www.findportugal.pt\/wp-content\/uploads\/2024\/03\/listing-dormir_1.png\" alt=\"Category Custom Icon\"\/><\/div>\n            <div class=\"eltd-ls-gallery-item-text\">\n\n                <h3 class=\"eltd-gallery-item-title\">\n                    Sleep                <\/h3>\n\n                \n                    <div class=\"eltd-ls-gallery-item-desc\">\n                        <p>Places we\u2019d like to stay<\/p>\n                    <\/div>\n\n                \n            <\/div>\n\n        <\/div>\n        <div class=\"eltd-ls-item-bgrnd\" style=\"background-image: url(https:\/\/www.findportugal.pt\/wp-content\/uploads\/2024\/03\/img-lista-dormir-2.jpg)\"><\/div>\n\t   \n    <\/div>\n\n<\/article><article class=\"eltd-ls-item eltd-ls-gallery-item eltd-ls-gallery-simple eltd-ls-gallery-rec-landscape \" >\n\n    <div class=\"eltd-ls-item-inner\" >\n\t\n        <div class=\"eltd-ls-gallery-item-text\">\n\n            <h2 class=\"eltd-gallery-item-title\" >\n                <a href=\"https:\/\/www.findportugal.pt\/en\/4-day-itinerary-in-madeira-exploring-the-island-from-north-to-south\/\">\n\t                Essential Madeira                <\/a>\n            <\/h2>\n\n                            <div class=\"eltd-ls-gallery-item-desc\">\n                    <p>Follow our suggestions to uncover the best of Madeira Island. Plan your stay. Then relax and enjoy.<\/p>\n                <\/div>\n            \n        <\/div>\n\t\n    <\/div>\n\n<\/article><article class=\"eltd-ls-item eltd-ls-gallery-item eltd-ls-gallery-standard eltd-ls-gallery-square-small \" >\n\n    <div class=\"eltd-ls-item-inner\">\n\n        \t        <a href=\"https:\/\/www.findportugal.pt\/en\/shopping\/\" class=\"eltd-ls-gallery-item-overlay\"><\/a>\n        \n        <div class=\"eltd-ls-gallery-item-wrapper\">\n\n            <div class=\"eltd-ls-cat-icon eltd-custom-icon\"><img decoding=\"async\" src=\"https:\/\/www.findportugal.pt\/wp-content\/uploads\/2024\/03\/listing-compras_1.png\" alt=\"Category Custom Icon\"\/><\/div>\n            <div class=\"eltd-ls-gallery-item-text\">\n\n                <h3 class=\"eltd-gallery-item-title\">\n                    Shopping                <\/h3>\n\n                \n                    <div class=\"eltd-ls-gallery-item-desc\">\n                        <p>Things we&#8217;d buy<\/p>\n                    <\/div>\n\n                \n            <\/div>\n\n        <\/div>\n        <div class=\"eltd-ls-item-bgrnd\" style=\"background-image: url(https:\/\/www.findportugal.pt\/wp-content\/uploads\/2024\/03\/img-lista-compras-3.jpg)\"><\/div>\n\t   \n    <\/div>\n\n<\/article><article class=\"eltd-ls-item eltd-ls-gallery-item eltd-ls-gallery-standard eltd-ls-gallery-rec-landscape \" >\n\n    <div class=\"eltd-ls-item-inner\">\n\n        \t        <a href=\"https:\/\/www.findportugal.pt\/en\/activities\/\" class=\"eltd-ls-gallery-item-overlay\"><\/a>\n        \n        <div class=\"eltd-ls-gallery-item-wrapper\">\n\n            <div class=\"eltd-ls-cat-icon eltd-custom-icon\"><img decoding=\"async\" src=\"https:\/\/www.findportugal.pt\/wp-content\/uploads\/2024\/03\/listing-atividades_1.png\" alt=\"Category Custom Icon\"\/><\/div>\n            <div class=\"eltd-ls-gallery-item-text\">\n\n                <h3 class=\"eltd-gallery-item-title\">\n                    Activities                <\/h3>\n\n                \n                    <div class=\"eltd-ls-gallery-item-desc\">\n                        <p>Experiences we must have<\/p>\n                    <\/div>\n\n                \n            <\/div>\n\n        <\/div>\n        <div class=\"eltd-ls-item-bgrnd\" style=\"background-image: url(https:\/\/www.findportugal.pt\/wp-content\/uploads\/2024\/03\/img-lista-atividades-1.jpg)\"><\/div>\n\t   \n    <\/div>\n\n<\/article><article class=\"eltd-ls-item eltd-ls-gallery-item eltd-ls-gallery-standard eltd-ls-gallery-square-small \" >\n\n    <div class=\"eltd-ls-item-inner\">\n\n        \t        <a href=\"https:\/\/www.findportugal.pt\/en\/visit\/\" class=\"eltd-ls-gallery-item-overlay\"><\/a>\n        \n        <div class=\"eltd-ls-gallery-item-wrapper\">\n\n            <div class=\"eltd-ls-cat-icon eltd-custom-icon\"><img decoding=\"async\" src=\"https:\/\/www.findportugal.pt\/wp-content\/uploads\/2024\/03\/listing-visitar_1.png\" alt=\"Category Custom Icon\"\/><\/div>\n            <div class=\"eltd-ls-gallery-item-text\">\n\n                <h3 class=\"eltd-gallery-item-title\">\n                    Visit                <\/h3>\n\n                \n                    <div class=\"eltd-ls-gallery-item-desc\">\n                        <p>Places we can&#8217;t miss<\/p>\n                    <\/div>\n\n                \n            <\/div>\n\n        <\/div>\n        <div class=\"eltd-ls-item-bgrnd\" style=\"background-image: url(https:\/\/www.findportugal.pt\/wp-content\/uploads\/2024\/03\/img-lista-visitar-2.jpg)\"><\/div>\n\t   \n    <\/div>\n\n<\/article><article class=\"eltd-ls-item eltd-ls-gallery-item eltd-ls-gallery-standard eltd-ls-gallery-square-small \" >\n\n    <div class=\"eltd-ls-item-inner\">\n\n        \t        <a href=\"https:\/\/www.findportugal.pt\/en\/night\/\" class=\"eltd-ls-gallery-item-overlay\"><\/a>\n        \n        <div class=\"eltd-ls-gallery-item-wrapper\">\n\n            <div class=\"eltd-ls-cat-icon eltd-custom-icon\"><img decoding=\"async\" src=\"https:\/\/www.findportugal.pt\/wp-content\/uploads\/2024\/03\/listing-noite_1.png\" alt=\"Category Custom Icon\"\/><\/div>\n            <div class=\"eltd-ls-gallery-item-text\">\n\n                <h3 class=\"eltd-gallery-item-title\">\n                    Night                <\/h3>\n\n                \n                    <div class=\"eltd-ls-gallery-item-desc\">\n                        <p>Moments to enjoy!<\/p>\n                    <\/div>\n\n                \n            <\/div>\n\n        <\/div>\n        <div class=\"eltd-ls-item-bgrnd\" style=\"background-image: url(https:\/\/www.findportugal.pt\/wp-content\/uploads\/2024\/03\/img-lista-noite-1.jpg)\"><\/div>\n\t   \n    <\/div>\n\n<\/article>\t<\/div>\n\t<\/div>\t\t<\/div>\n\t<\/div>\n<\/div><\/div>[\/vc_column][\/vc_row][vc_row][vc_column]<div class=\"eltd-elements-holder eltd-one-column eltd-responsive-mode-768\" ><div class=\"eltd-eh-item \" style=\"background-color: #ffffff\" data-item-class=\"eltd-eh-custom-115461\" data-1280-1600=\"0 6.7% 5.5% 6.7%\" data-1024-1280=\"0 7.5% 6.2% 7.5%\" data-768-1024=\"0 9.2% 7.6% 9.2%\" data-600-768=\"0 11% 9%\" data-480-600=\"0 5% 30%\" data-480=\"0 5% 30%\">\n\t<div class=\"eltd-eh-item-inner\">\n\t\t<div class=\"eltd-eh-item-content eltd-eh-custom-115461\" style=\"padding: 0 6.7% 5.9% 6.7%\">\n\t\t\t<div class=\"eltd-blog-list-holder eltd-bl-masonry eltd-bl-three-columns eltd-bl-normal-space eltd-bl-pag-no-pagination\"  data-type=masonry data-number-of-posts=-1 data-number-of-columns=3 data-space-between-columns=normal data-order-by=date data-order=DESC data-image-size=full data-title-tag=h4 data-excerpt-length=15 data-post-info-section=yes data-post-info-image=yes data-post-info-author=no data-post-info-date=yes data-post-info-category=yes data-post-info-comments=yes data-post-info-like=no data-post-info-share=no data-pagination-type=no-pagination data-max-num-pages=0 data-next-page=2>\n\t<div class=\"eltd-bl-wrapper\">\n\t\t<ul class=\"eltd-blog-list\">\n\t\t\t<div class=\"eltd-bl-grid-sizer\"><\/div>\n\t\t\t<div class=\"eltd-bl-grid-gutter\"><\/div>\n\t\t\t<li class=\"eltd-bl-item clearfix\">\n\t<div class=\"eltd-bli-inner --masonry\">\n        \n    <div class=\"eltd-post-image\">\n                <a itemprop=\"url\" href=\"https:\/\/www.findportugal.pt\/en\/the-crisis-in-hospitality-when-whats-missing-isnt-just-staff\/\" title=\"The crisis in hospitality: When what\u2019s missing isn\u2019t just staff\">\n                                        <img decoding=\"async\" itemprop=\"image\" class=\"eltd-custom-post-image\" src=\"https:\/\/www.findportugal.pt\/wp-content\/uploads\/2026\/04\/a-crise-da-restauracao-quando-falta-mais-do-que-mao-de-obra-Find-Portugal_9.jpg\" alt=\"Blog list featured image\" \/>\n                                <\/a>\n        <\/div>\n\n        <div class=\"eltd-bli-content\">\n            \n                            <div class=\"eltd-bli-info\">\n                                    <\/div>\n            \t<div class=\"eltd-post-info-category --cat -tg\">\n\t\t<a href=\"https:\/\/www.findportugal.pt\/en\/category\/food-and-drink\/\" rel=\"category tag\">Food and Drink<\/a> <a href=\"https:\/\/www.findportugal.pt\/en\/category\/opinion\/\" rel=\"category tag\">Opinion<\/a>\t<\/div>\n\t            \n<h4 itemprop=\"name\" class=\"entry-title eltd-post-title\">\n            <a itemprop=\"url\" href=\"https:\/\/www.findportugal.pt\/en\/the-crisis-in-hospitality-when-whats-missing-isnt-just-staff\/\" title=\"The crisis in hospitality: When what\u2019s missing isn\u2019t just staff\">\n            The crisis in hospitality: When what\u2019s missing isn\u2019t just staff            <\/a>\n    <\/h4>\n\n                <div class=\"eltd-bli-excerpt\">\n        <div class=\"eltd-post-excerpt-holder\">\n            <div itemprop=\"description\" class=\"eltd-post-excerpt -tg-child\">\n                Hospitality in Portugal and across Europe faces a structural crisis. Beyond labour shortages, the sector            <\/div>\n        <\/div>\n    <\/div>\n\n            <div class=\"eltd-post-info-bottom clearfix\">\n                <div class=\"eltd-post-info-bottom-left\">\n                    <div itemprop=\"dateCreated\" class=\"eltd-post-info-date entry-date published updated\">\n            <a itemprop=\"url\" href=\"https:\/\/www.findportugal.pt\/en\/2026\/04\/\">\n            <i class=\"eltd-icon-simple-line-icon icon-calender \" ><\/i>        April 1, 2026        <\/a>\n    <meta itemprop=\"interactionCount\" content=\"UserComments: 0\"\/>\n<\/div>                        <div class=\"eltd-post-info-comments-holder\">\n        <a itemprop=\"url\" class=\"eltd-post-info-comments\" href=\"https:\/\/www.findportugal.pt\/en\/the-crisis-in-hospitality-when-whats-missing-isnt-just-staff\/#respond\" target=\"_self\">\n            <i class=\"eltd-icon-simple-line-icon icon-speech \" ><\/i>            0        <\/a>\n    <\/div>\n                <\/div>\n                <div class=\"eltd-post-info-bottom-right\">\n                                    <\/div>\n            <\/div>\n        <\/div>\n\t<\/div>\n<\/li><li class=\"eltd-bl-item clearfix\">\n\t<div class=\"eltd-bli-inner --masonry\">\n        \n    <div class=\"eltd-post-image\">\n                <a itemprop=\"url\" href=\"https:\/\/www.findportugal.pt\/en\/why-madeira-still-remains-the-best-island-in-the-world\/\" title=\"Why Madeira still remains the best island in the world?\">\n                                        <img decoding=\"async\" itemprop=\"image\" class=\"eltd-custom-post-image\" src=\"https:\/\/www.findportugal.pt\/wp-content\/uploads\/2026\/03\/Find-Portugal-Madeira-melhor-ilha-do-mundo-ilust.jpg\" alt=\"Blog list featured image\" \/>\n                                <\/a>\n        <\/div>\n\n        <div class=\"eltd-bli-content\">\n            \n                            <div class=\"eltd-bli-info\">\n                                    <\/div>\n            \t<div class=\"eltd-post-info-category --cat -tg\">\n\t\t<a href=\"https:\/\/www.findportugal.pt\/en\/category\/madeira-en\/\" rel=\"category tag\">Madeira<\/a> <a href=\"https:\/\/www.findportugal.pt\/en\/category\/curiosities\/\" rel=\"category tag\">Curiosities<\/a>\t<\/div>\n\t            \n<h4 itemprop=\"name\" class=\"entry-title eltd-post-title\">\n            <a itemprop=\"url\" href=\"https:\/\/www.findportugal.pt\/en\/why-madeira-still-remains-the-best-island-in-the-world\/\" title=\"Why Madeira still remains the best island in the world?\">\n            Why Madeira still remains the best island in the world?            <\/a>\n    <\/h4>\n\n                <div class=\"eltd-bli-excerpt\">\n        <div class=\"eltd-post-excerpt-holder\">\n            <div itemprop=\"description\" class=\"eltd-post-excerpt -tg-child\">\n                Dramatic landscapes, first-class accommodation, Atlantic flavours and unrivalled natural beauty. Discover why it was voted            <\/div>\n        <\/div>\n    <\/div>\n\n            <div class=\"eltd-post-info-bottom clearfix\">\n                <div class=\"eltd-post-info-bottom-left\">\n                    <div itemprop=\"dateCreated\" class=\"eltd-post-info-date entry-date published updated\">\n            <a itemprop=\"url\" href=\"https:\/\/www.findportugal.pt\/en\/2026\/03\/\">\n            <i class=\"eltd-icon-simple-line-icon icon-calender \" ><\/i>        March 17, 2026        <\/a>\n    <meta itemprop=\"interactionCount\" content=\"UserComments: 0\"\/>\n<\/div>                        <div class=\"eltd-post-info-comments-holder\">\n        <a itemprop=\"url\" class=\"eltd-post-info-comments\" href=\"https:\/\/www.findportugal.pt\/en\/why-madeira-still-remains-the-best-island-in-the-world\/#respond\" target=\"_self\">\n            <i class=\"eltd-icon-simple-line-icon icon-speech \" ><\/i>            0        <\/a>\n    <\/div>\n                <\/div>\n                <div class=\"eltd-post-info-bottom-right\">\n                                    <\/div>\n            <\/div>\n        <\/div>\n\t<\/div>\n<\/li><li class=\"eltd-bl-item clearfix\">\n\t<div class=\"eltd-bli-inner --masonry\">\n        \n    <div class=\"eltd-post-image\">\n                <a itemprop=\"url\" href=\"https:\/\/www.findportugal.pt\/en\/azulejos-the-living-skin-of-portugal\/\" title=\"Azulejos: The living skin of Portugal\u00a0\">\n                                        <img decoding=\"async\" itemprop=\"image\" class=\"eltd-custom-post-image\" src=\"https:\/\/www.findportugal.pt\/wp-content\/uploads\/2026\/03\/Find-Portugal-Quinta-Quetzal-destaque.jpg\" alt=\"Blog list featured image\" \/>\n                                <\/a>\n        <\/div>\n\n        <div class=\"eltd-bli-content\">\n            \n                            <div class=\"eltd-bli-info\">\n                                    <\/div>\n            \t<div class=\"eltd-post-info-category --cat -tg\">\n\t\t<a href=\"https:\/\/www.findportugal.pt\/en\/category\/cultur\/\" rel=\"category tag\">Cultur<\/a> <a href=\"https:\/\/www.findportugal.pt\/en\/category\/history\/\" rel=\"category tag\">History<\/a> <a href=\"https:\/\/www.findportugal.pt\/en\/category\/design-and-architecture\/\" rel=\"category tag\">Design &amp; Architecture<\/a>\t<\/div>\n\t            \n<h4 itemprop=\"name\" class=\"entry-title eltd-post-title\">\n            <a itemprop=\"url\" href=\"https:\/\/www.findportugal.pt\/en\/azulejos-the-living-skin-of-portugal\/\" title=\"Azulejos: The living skin of Portugal\u00a0\">\n            Azulejos: The living skin of Portugal\u00a0            <\/a>\n    <\/h4>\n\n                <div class=\"eltd-bli-excerpt\">\n        <div class=\"eltd-post-excerpt-holder\">\n            <div itemprop=\"description\" class=\"eltd-post-excerpt -tg-child\">\n                For centuries, azulejos have defined Portugal's urban landscape and visual identity. Today, this heritage is            <\/div>\n        <\/div>\n    <\/div>\n\n            <div class=\"eltd-post-info-bottom clearfix\">\n                <div class=\"eltd-post-info-bottom-left\">\n                    <div itemprop=\"dateCreated\" class=\"eltd-post-info-date entry-date published updated\">\n            <a itemprop=\"url\" href=\"https:\/\/www.findportugal.pt\/en\/2026\/03\/\">\n            <i class=\"eltd-icon-simple-line-icon icon-calender \" ><\/i>        March 3, 2026        <\/a>\n    <meta itemprop=\"interactionCount\" content=\"UserComments: 0\"\/>\n<\/div>                        <div class=\"eltd-post-info-comments-holder\">\n        <a itemprop=\"url\" class=\"eltd-post-info-comments\" href=\"https:\/\/www.findportugal.pt\/en\/azulejos-the-living-skin-of-portugal\/#respond\" target=\"_self\">\n            <i class=\"eltd-icon-simple-line-icon icon-speech \" ><\/i>            0        <\/a>\n    <\/div>\n                <\/div>\n                <div class=\"eltd-post-info-bottom-right\">\n                                    <\/div>\n            <\/div>\n        <\/div>\n\t<\/div>\n<\/li><li class=\"eltd-bl-item clearfix\">\n\t<div class=\"eltd-bli-inner --masonry\">\n        \n    <div class=\"eltd-post-image\">\n                <a itemprop=\"url\" href=\"https:\/\/www.findportugal.pt\/en\/lisbon-1755-the-earthquake-that-shook-god-the-world-and-reason\/\" title=\"Lisbon, 1755: the earthquake that shook God, the world and reason\u00a0\">\n                                        <img decoding=\"async\" itemprop=\"image\" class=\"eltd-custom-post-image\" src=\"https:\/\/www.findportugal.pt\/wp-content\/uploads\/2025\/12\/Find-Portugal-Lisboa-1755-O-Terramoto-1-1.jpg\" alt=\"Blog list featured image\" \/>\n                                <\/a>\n        <\/div>\n\n        <div class=\"eltd-bli-content\">\n            \n                            <div class=\"eltd-bli-info\">\n                                    <\/div>\n            \t<div class=\"eltd-post-info-category --cat -tg\">\n\t\t<a href=\"https:\/\/www.findportugal.pt\/en\/category\/cultur\/\" rel=\"category tag\">Cultur<\/a> <a href=\"https:\/\/www.findportugal.pt\/en\/category\/history\/\" rel=\"category tag\">History<\/a>\t<\/div>\n\t            \n<h4 itemprop=\"name\" class=\"entry-title eltd-post-title\">\n            <a itemprop=\"url\" href=\"https:\/\/www.findportugal.pt\/en\/lisbon-1755-the-earthquake-that-shook-god-the-world-and-reason\/\" title=\"Lisbon, 1755: the earthquake that shook God, the world and reason\u00a0\">\n            Lisbon, 1755: the earthquake that shook God, the world and reason\u00a0            <\/a>\n    <\/h4>\n\n                <div class=\"eltd-bli-excerpt\">\n        <div class=\"eltd-post-excerpt-holder\">\n            <div itemprop=\"description\" class=\"eltd-post-excerpt -tg-child\">\n                Lisboa, 1755. O terramoto destruiu a cidade e abalou a f\u00e9 da Europa. Voltaire, Kant            <\/div>\n        <\/div>\n    <\/div>\n\n            <div class=\"eltd-post-info-bottom clearfix\">\n                <div class=\"eltd-post-info-bottom-left\">\n                    <div itemprop=\"dateCreated\" class=\"eltd-post-info-date entry-date published updated\">\n            <a itemprop=\"url\" href=\"https:\/\/www.findportugal.pt\/en\/2025\/12\/\">\n            <i class=\"eltd-icon-simple-line-icon icon-calender \" ><\/i>        December 22, 2025        <\/a>\n    <meta itemprop=\"interactionCount\" content=\"UserComments: 0\"\/>\n<\/div>                        <div class=\"eltd-post-info-comments-holder\">\n        <a itemprop=\"url\" class=\"eltd-post-info-comments\" href=\"https:\/\/www.findportugal.pt\/en\/lisbon-1755-the-earthquake-that-shook-god-the-world-and-reason\/#respond\" target=\"_self\">\n            <i class=\"eltd-icon-simple-line-icon icon-speech \" ><\/i>            0        <\/a>\n    <\/div>\n                <\/div>\n                <div class=\"eltd-post-info-bottom-right\">\n                                    <\/div>\n            <\/div>\n        <\/div>\n\t<\/div>\n<\/li><li class=\"eltd-bl-item clearfix\">\n\t<div class=\"eltd-bli-inner --masonry\">\n        \n    <div class=\"eltd-post-image\">\n                <a itemprop=\"url\" href=\"https:\/\/www.findportugal.pt\/en\/portugals-new-luxury-time-space-and-silence\/\" title=\"Portugal\u2019s new luxury: time, space and silence\">\n                                        <img decoding=\"async\" itemprop=\"image\" class=\"eltd-custom-post-image\" src=\"https:\/\/www.findportugal.pt\/wp-content\/uploads\/2025\/12\/Find-Portugal-Pedras-Salgadas-4.jpg\" alt=\"Blog list featured image\" \/>\n                                <\/a>\n        <\/div>\n\n        <div class=\"eltd-bli-content\">\n            \n                            <div class=\"eltd-bli-info\">\n                                    <\/div>\n            \t<div class=\"eltd-post-info-category --cat -tg\">\n\t\t<a href=\"https:\/\/www.findportugal.pt\/en\/category\/places-to-stay\/\" rel=\"category tag\">Places to Stay<\/a> <a href=\"https:\/\/www.findportugal.pt\/en\/category\/design-and-architecture\/\" rel=\"category tag\">Design &amp; Architecture<\/a>\t<\/div>\n\t            \n<h4 itemprop=\"name\" class=\"entry-title eltd-post-title\">\n            <a itemprop=\"url\" href=\"https:\/\/www.findportugal.pt\/en\/portugals-new-luxury-time-space-and-silence\/\" title=\"Portugal\u2019s new luxury: time, space and silence\">\n            Portugal\u2019s new luxury: time, space and silence            <\/a>\n    <\/h4>\n\n                <div class=\"eltd-bli-excerpt\">\n        <div class=\"eltd-post-excerpt-holder\">\n            <div itemprop=\"description\" class=\"eltd-post-excerpt -tg-child\">\n                H\u00e1 lugares onde o verdadeiro luxo \u00e9 poder abrandar. Casas sem rede, sil\u00eancio absoluto e            <\/div>\n        <\/div>\n    <\/div>\n\n            <div class=\"eltd-post-info-bottom clearfix\">\n                <div class=\"eltd-post-info-bottom-left\">\n                    <div itemprop=\"dateCreated\" class=\"eltd-post-info-date entry-date published updated\">\n            <a itemprop=\"url\" href=\"https:\/\/www.findportugal.pt\/en\/2025\/12\/\">\n            <i class=\"eltd-icon-simple-line-icon icon-calender \" ><\/i>        December 18, 2025        <\/a>\n    <meta itemprop=\"interactionCount\" content=\"UserComments: 0\"\/>\n<\/div>                        <div class=\"eltd-post-info-comments-holder\">\n        <a itemprop=\"url\" class=\"eltd-post-info-comments\" href=\"https:\/\/www.findportugal.pt\/en\/portugals-new-luxury-time-space-and-silence\/#respond\" target=\"_self\">\n            <i class=\"eltd-icon-simple-line-icon icon-speech \" ><\/i>            0        <\/a>\n    <\/div>\n                <\/div>\n                <div class=\"eltd-post-info-bottom-right\">\n                                    <\/div>\n            <\/div>\n        <\/div>\n\t<\/div>\n<\/li><li class=\"eltd-bl-item clearfix\">\n\t<div class=\"eltd-bli-inner --masonry\">\n        \n    <div class=\"eltd-post-image\">\n                <a itemprop=\"url\" href=\"https:\/\/www.findportugal.pt\/en\/10-soulful-cities-in-portugal-sleep-eat-and-feel\/\" title=\"10 Soulful Cities in Portugal: Sleep, Eat and Feel\">\n                                        <img decoding=\"async\" itemprop=\"image\" class=\"eltd-custom-post-image\" src=\"https:\/\/www.findportugal.pt\/wp-content\/uploads\/2025\/12\/Find-Portugal-10-cidades-portuguesas-com-alma.jpg\" alt=\"Blog list featured image\" \/>\n                                <\/a>\n        <\/div>\n\n        <div class=\"eltd-bli-content\">\n            \n                            <div class=\"eltd-bli-info\">\n                                    <\/div>\n            \t<div class=\"eltd-post-info-category --cat -tg\">\n\t\t<a href=\"https:\/\/www.findportugal.pt\/en\/category\/visit\/\" rel=\"category tag\">Visit<\/a> <a href=\"https:\/\/www.findportugal.pt\/en\/category\/places-to-stay\/\" rel=\"category tag\">Places to Stay<\/a>\t<\/div>\n\t            \n<h4 itemprop=\"name\" class=\"entry-title eltd-post-title\">\n            <a itemprop=\"url\" href=\"https:\/\/www.findportugal.pt\/en\/10-soulful-cities-in-portugal-sleep-eat-and-feel\/\" title=\"10 Soulful Cities in Portugal: Sleep, Eat and Feel\">\n            10 Soulful Cities in Portugal: Sleep, Eat and Feel            <\/a>\n    <\/h4>\n\n                <div class=\"eltd-bli-excerpt\">\n        <div class=\"eltd-post-excerpt-holder\">\n            <div itemprop=\"description\" class=\"eltd-post-excerpt -tg-child\">\n                10 Portuguese cities where you can still feel the local spirit, with suggestions on where            <\/div>\n        <\/div>\n    <\/div>\n\n            <div class=\"eltd-post-info-bottom clearfix\">\n                <div class=\"eltd-post-info-bottom-left\">\n                    <div itemprop=\"dateCreated\" class=\"eltd-post-info-date entry-date published updated\">\n            <a itemprop=\"url\" href=\"https:\/\/www.findportugal.pt\/en\/2025\/12\/\">\n            <i class=\"eltd-icon-simple-line-icon icon-calender \" ><\/i>        December 15, 2025        <\/a>\n    <meta itemprop=\"interactionCount\" content=\"UserComments: 0\"\/>\n<\/div>                        <div class=\"eltd-post-info-comments-holder\">\n        <a itemprop=\"url\" class=\"eltd-post-info-comments\" href=\"https:\/\/www.findportugal.pt\/en\/10-soulful-cities-in-portugal-sleep-eat-and-feel\/#respond\" target=\"_self\">\n            <i class=\"eltd-icon-simple-line-icon icon-speech \" ><\/i>            0        <\/a>\n    <\/div>\n                <\/div>\n                <div class=\"eltd-post-info-bottom-right\">\n                                    <\/div>\n            <\/div>\n        <\/div>\n\t<\/div>\n<\/li><li class=\"eltd-bl-item clearfix\">\n\t<div class=\"eltd-bli-inner --masonry\">\n        \n    <div class=\"eltd-post-image\">\n                <a itemprop=\"url\" href=\"https:\/\/www.findportugal.pt\/en\/heartfelt-villages-10-hidden-treasures-of-portugal\/\" title=\"Heartfelt villages: 10 hidden treasures of Portugal\">\n                                        <img decoding=\"async\" itemprop=\"image\" class=\"eltd-custom-post-image\" src=\"https:\/\/www.findportugal.pt\/wp-content\/uploads\/2025\/12\/Find-Portugal-aldeias-com-alma-destaque.jpg\" alt=\"Blog list featured image\" \/>\n                                <\/a>\n        <\/div>\n\n        <div class=\"eltd-bli-content\">\n            \n                            <div class=\"eltd-bli-info\">\n                                    <\/div>\n            \t<div class=\"eltd-post-info-category --cat -tg\">\n\t\t<a href=\"https:\/\/www.findportugal.pt\/en\/category\/visit\/\" rel=\"category tag\">Visit<\/a> <a href=\"https:\/\/www.findportugal.pt\/en\/category\/places-to-stay\/\" rel=\"category tag\">Places to Stay<\/a>\t<\/div>\n\t            \n<h4 itemprop=\"name\" class=\"entry-title eltd-post-title\">\n            <a itemprop=\"url\" href=\"https:\/\/www.findportugal.pt\/en\/heartfelt-villages-10-hidden-treasures-of-portugal\/\" title=\"Heartfelt villages: 10 hidden treasures of Portugal\">\n            Heartfelt villages: 10 hidden treasures of Portugal            <\/a>\n    <\/h4>\n\n                <div class=\"eltd-bli-excerpt\">\n        <div class=\"eltd-post-excerpt-holder\">\n            <div itemprop=\"description\" class=\"eltd-post-excerpt -tg-child\">\n                10 authentic villages in Portugal. Unique places with history, scenery and soul to visit and            <\/div>\n        <\/div>\n    <\/div>\n\n            <div class=\"eltd-post-info-bottom clearfix\">\n                <div class=\"eltd-post-info-bottom-left\">\n                    <div itemprop=\"dateCreated\" class=\"eltd-post-info-date entry-date published updated\">\n            <a itemprop=\"url\" href=\"https:\/\/www.findportugal.pt\/en\/2025\/12\/\">\n            <i class=\"eltd-icon-simple-line-icon icon-calender \" ><\/i>        December 10, 2025        <\/a>\n    <meta itemprop=\"interactionCount\" content=\"UserComments: 0\"\/>\n<\/div>                        <div class=\"eltd-post-info-comments-holder\">\n        <a itemprop=\"url\" class=\"eltd-post-info-comments\" href=\"https:\/\/www.findportugal.pt\/en\/heartfelt-villages-10-hidden-treasures-of-portugal\/#respond\" target=\"_self\">\n            <i class=\"eltd-icon-simple-line-icon icon-speech \" ><\/i>            0        <\/a>\n    <\/div>\n                <\/div>\n                <div class=\"eltd-post-info-bottom-right\">\n                                    <\/div>\n            <\/div>\n        <\/div>\n\t<\/div>\n<\/li><li class=\"eltd-bl-item clearfix\">\n\t<div class=\"eltd-bli-inner --masonry\">\n        \n    <div class=\"eltd-post-image\">\n                <a itemprop=\"url\" href=\"https:\/\/www.findportugal.pt\/en\/made-in-portugal-the-quiet-revolution-of-portuguese-design\/\" title=\"Made in Portugal: The Quiet Revolution of Portuguese Design\">\n                                        <img decoding=\"async\" itemprop=\"image\" class=\"eltd-custom-post-image\" src=\"https:\/\/www.findportugal.pt\/wp-content\/uploads\/2025\/12\/Find-Portugal-Undandy-destaque.jpg\" alt=\"Blog list featured image\" \/>\n                                <\/a>\n        <\/div>\n\n        <div class=\"eltd-bli-content\">\n            \n                            <div class=\"eltd-bli-info\">\n                                    <\/div>\n            \t<div class=\"eltd-post-info-category --cat -tg\">\n\t\t<a href=\"https:\/\/www.findportugal.pt\/en\/category\/shopping\/\" rel=\"category tag\">Shopping<\/a> <a href=\"https:\/\/www.findportugal.pt\/en\/category\/design-and-architecture\/\" rel=\"category tag\">Design &amp; Architecture<\/a>\t<\/div>\n\t            \n<h4 itemprop=\"name\" class=\"entry-title eltd-post-title\">\n            <a itemprop=\"url\" href=\"https:\/\/www.findportugal.pt\/en\/made-in-portugal-the-quiet-revolution-of-portuguese-design\/\" title=\"Made in Portugal: The Quiet Revolution of Portuguese Design\">\n            Made in Portugal: The Quiet Revolution of Portuguese Design            <\/a>\n    <\/h4>\n\n                <div class=\"eltd-bli-excerpt\">\n        <div class=\"eltd-post-excerpt-holder\">\n            <div itemprop=\"description\" class=\"eltd-post-excerpt -tg-child\">\n                Explore how Portuguese design is reshaping global aesthetics through cork, footwear, furniture and invisible innovation.            <\/div>\n        <\/div>\n    <\/div>\n\n            <div class=\"eltd-post-info-bottom clearfix\">\n                <div class=\"eltd-post-info-bottom-left\">\n                    <div itemprop=\"dateCreated\" class=\"eltd-post-info-date entry-date published updated\">\n            <a itemprop=\"url\" href=\"https:\/\/www.findportugal.pt\/en\/2025\/12\/\">\n            <i class=\"eltd-icon-simple-line-icon icon-calender \" ><\/i>        December 5, 2025        <\/a>\n    <meta itemprop=\"interactionCount\" content=\"UserComments: 0\"\/>\n<\/div>                        <div class=\"eltd-post-info-comments-holder\">\n        <a itemprop=\"url\" class=\"eltd-post-info-comments\" href=\"https:\/\/www.findportugal.pt\/en\/made-in-portugal-the-quiet-revolution-of-portuguese-design\/#respond\" target=\"_self\">\n            <i class=\"eltd-icon-simple-line-icon icon-speech \" ><\/i>            0        <\/a>\n    <\/div>\n                <\/div>\n                <div class=\"eltd-post-info-bottom-right\">\n                                    <\/div>\n            <\/div>\n        <\/div>\n\t<\/div>\n<\/li><li class=\"eltd-bl-item clearfix\">\n\t<div class=\"eltd-bli-inner --masonry\">\n        \n    <div class=\"eltd-post-image\">\n                <a itemprop=\"url\" href=\"https:\/\/www.findportugal.pt\/en\/the-5-main-complaints-of-portuguese-diners-about-restaurants\/\" title=\"The 5 main complaints of Portuguese diners about restaurants\">\n                                        <img loading=\"lazy\" decoding=\"async\" width=\"1146\" height=\"920\" src=\"https:\/\/www.findportugal.pt\/wp-content\/uploads\/2025\/11\/5-principais-queixas-dos-portugueses-Find-Portugal-destaque-2025.jpg\" class=\"attachment-full size-full wp-post-image\" alt=\"\" srcset=\"https:\/\/www.findportugal.pt\/wp-content\/uploads\/2025\/11\/5-principais-queixas-dos-portugueses-Find-Portugal-destaque-2025.jpg 1146w, https:\/\/www.findportugal.pt\/wp-content\/uploads\/2025\/11\/5-principais-queixas-dos-portugueses-Find-Portugal-destaque-2025-300x241.jpg 300w, https:\/\/www.findportugal.pt\/wp-content\/uploads\/2025\/11\/5-principais-queixas-dos-portugueses-Find-Portugal-destaque-2025-1024x822.jpg 1024w, https:\/\/www.findportugal.pt\/wp-content\/uploads\/2025\/11\/5-principais-queixas-dos-portugueses-Find-Portugal-destaque-2025-768x617.jpg 768w\" sizes=\"auto, (max-width: 1146px) 100vw, 1146px\" \/>                                <\/a>\n        <\/div>\n\n        <div class=\"eltd-bli-content\">\n            \n                            <div class=\"eltd-bli-info\">\n                                    <\/div>\n            \t<div class=\"eltd-post-info-category --cat -tg\">\n\t\t<a href=\"https:\/\/www.findportugal.pt\/en\/category\/food-and-drink\/\" rel=\"category tag\">Food and Drink<\/a> <a href=\"https:\/\/www.findportugal.pt\/en\/category\/opinion\/\" rel=\"category tag\">Opinion<\/a>\t<\/div>\n\t            \n<h4 itemprop=\"name\" class=\"entry-title eltd-post-title\">\n            <a itemprop=\"url\" href=\"https:\/\/www.findportugal.pt\/en\/the-5-main-complaints-of-portuguese-diners-about-restaurants\/\" title=\"The 5 main complaints of Portuguese diners about restaurants\">\n            The 5 main complaints of Portuguese diners about restaurants            <\/a>\n    <\/h4>\n\n                <div class=\"eltd-bli-excerpt\">\n        <div class=\"eltd-post-excerpt-holder\">\n            <div itemprop=\"description\" class=\"eltd-post-excerpt -tg-child\">\n                With the growing pressure of tourism, urban gentrification and the standardisation of offerings, many Portuguese            <\/div>\n        <\/div>\n    <\/div>\n\n            <div class=\"eltd-post-info-bottom clearfix\">\n                <div class=\"eltd-post-info-bottom-left\">\n                    <div itemprop=\"dateCreated\" class=\"eltd-post-info-date entry-date published updated\">\n            <a itemprop=\"url\" href=\"https:\/\/www.findportugal.pt\/en\/2025\/11\/\">\n            <i class=\"eltd-icon-simple-line-icon icon-calender \" ><\/i>        November 24, 2025        <\/a>\n    <meta itemprop=\"interactionCount\" content=\"UserComments: 0\"\/>\n<\/div>                        <div class=\"eltd-post-info-comments-holder\">\n        <a itemprop=\"url\" class=\"eltd-post-info-comments\" href=\"https:\/\/www.findportugal.pt\/en\/the-5-main-complaints-of-portuguese-diners-about-restaurants\/#respond\" target=\"_self\">\n            <i class=\"eltd-icon-simple-line-icon icon-speech \" ><\/i>            0        <\/a>\n    <\/div>\n                <\/div>\n                <div class=\"eltd-post-info-bottom-right\">\n                                    <\/div>\n            <\/div>\n        <\/div>\n\t<\/div>\n<\/li><li class=\"eltd-bl-item clearfix\">\n\t<div class=\"eltd-bli-inner --masonry\">\n        \n    <div class=\"eltd-post-image\">\n                <a itemprop=\"url\" href=\"https:\/\/www.findportugal.pt\/en\/everyone-wants-to-live-in-portugal-but-is-it-good-for-everyone\/\" title=\"Everyone wants to live in Portugal. But is it good for everyone?\">\n                                        <img loading=\"lazy\" decoding=\"async\" width=\"2560\" height=\"1677\" src=\"https:\/\/www.findportugal.pt\/wp-content\/uploads\/2025\/09\/porto-sutter-scaled.jpg\" class=\"attachment-full size-full wp-post-image\" alt=\"\" srcset=\"https:\/\/www.findportugal.pt\/wp-content\/uploads\/2025\/09\/porto-sutter-scaled.jpg 2560w, https:\/\/www.findportugal.pt\/wp-content\/uploads\/2025\/09\/porto-sutter-300x197.jpg 300w, https:\/\/www.findportugal.pt\/wp-content\/uploads\/2025\/09\/porto-sutter-1024x671.jpg 1024w, https:\/\/www.findportugal.pt\/wp-content\/uploads\/2025\/09\/porto-sutter-768x503.jpg 768w, https:\/\/www.findportugal.pt\/wp-content\/uploads\/2025\/09\/porto-sutter-1536x1006.jpg 1536w\" sizes=\"auto, (max-width: 2560px) 100vw, 2560px\" \/>                                <\/a>\n        <\/div>\n\n        <div class=\"eltd-bli-content\">\n            \n                            <div class=\"eltd-bli-info\">\n                                    <\/div>\n            \t<div class=\"eltd-post-info-category --cat -tg\">\n\t\t<a href=\"https:\/\/www.findportugal.pt\/en\/category\/portugal-en-2\/\" rel=\"category tag\">Portugal<\/a>\t<\/div>\n\t            \n<h4 itemprop=\"name\" class=\"entry-title eltd-post-title\">\n            <a itemprop=\"url\" href=\"https:\/\/www.findportugal.pt\/en\/everyone-wants-to-live-in-portugal-but-is-it-good-for-everyone\/\" title=\"Everyone wants to live in Portugal. But is it good for everyone?\">\n            Everyone wants to live in Portugal. But is it good for everyone?            <\/a>\n    <\/h4>\n\n                <div class=\"eltd-bli-excerpt\">\n        <div class=\"eltd-post-excerpt-holder\">\n            <div itemprop=\"description\" class=\"eltd-post-excerpt -tg-child\">\n                The #1 dream for Americans, the new haven for Brazilians, French and Brits.            <\/div>\n        <\/div>\n    <\/div>\n\n            <div class=\"eltd-post-info-bottom clearfix\">\n                <div class=\"eltd-post-info-bottom-left\">\n                    <div itemprop=\"dateCreated\" class=\"eltd-post-info-date entry-date published updated\">\n            <a itemprop=\"url\" href=\"https:\/\/www.findportugal.pt\/en\/2025\/01\/\">\n            <i class=\"eltd-icon-simple-line-icon icon-calender \" ><\/i>        January 26, 2025        <\/a>\n    <meta itemprop=\"interactionCount\" content=\"UserComments: 0\"\/>\n<\/div>                        <div class=\"eltd-post-info-comments-holder\">\n        <a itemprop=\"url\" class=\"eltd-post-info-comments\" href=\"https:\/\/www.findportugal.pt\/en\/everyone-wants-to-live-in-portugal-but-is-it-good-for-everyone\/#respond\" target=\"_self\">\n            <i class=\"eltd-icon-simple-line-icon icon-speech \" ><\/i>            0        <\/a>\n    <\/div>\n                <\/div>\n                <div class=\"eltd-post-info-bottom-right\">\n                                    <\/div>\n            <\/div>\n        <\/div>\n\t<\/div>\n<\/li>\t\t<\/ul>\n\t<\/div>\n\t<\/div>\t\t<\/div>\n\t<\/div>\n<\/div><\/div>[\/vc_column][\/vc_row][vc_row full_width=&#8221;stretch_row_content_no_spaces&#8221;][vc_column][\/vc_column][\/vc_row]<\/p>\n<\/div>","protected":false},"excerpt":{"rendered":"<p>[vc_row disable_element=&#8221;yes&#8221;][vc_column][\/vc_column][\/vc_row][vc_row][vc_column][\/vc_column][\/vc_row][vc_row full_width=&#8221;stretch_row_content_no_spaces&#8221;][vc_column][\/vc_column][\/vc_row]<\/p>\n","protected":false},"author":1,"featured_media":0,"parent":0,"menu_order":0,"comment_status":"closed","ping_status":"closed","template":"full-width.php","meta":{"_acf_changed":false,"_themeisle_gutenberg_block_has_review":false,"footnotes":""},"class_list":["post-4385","page","type-page","status-publish","hentry"],"acf":[],"yoast_head":"<!-- This site is optimized with the Yoast SEO plugin v27.4 - https:\/\/yoast.com\/product\/yoast-seo-wordpress\/ -->\n<title>Best of - Find Portugal<\/title>\n<meta name=\"robots\" content=\"index, follow, max-snippet:-1, max-image-preview:large, max-video-preview:-1\" \/>\n<link rel=\"canonical\" href=\"https:\/\/www.findportugal.pt\/en\/best-of\/\" \/>\n<meta property=\"og:locale\" content=\"en_US\" \/>\n<meta property=\"og:type\" content=\"article\" \/>\n<meta property=\"og:title\" content=\"Best of - Find Portugal\" \/>\n<meta property=\"og:description\" content=\"[vc_row disable_element=&#8221;yes&#8221;][vc_column][\/vc_column][\/vc_row][vc_row][vc_column][\/vc_column][\/vc_row][vc_row full_width=&#8221;stretch_row_content_no_spaces&#8221;][vc_column][\/vc_column][\/vc_row]\" \/>\n<meta property=\"og:url\" content=\"https:\/\/www.findportugal.pt\/en\/best-of\/\" \/>\n<meta property=\"og:site_name\" content=\"Find Portugal\" \/>\n<meta name=\"twitter:card\" content=\"summary_large_image\" \/>\n<meta name=\"twitter:label1\" content=\"Est. reading time\" \/>\n\t<meta name=\"twitter:data1\" content=\"1 minute\" \/>\n<script type=\"application\/ld+json\" class=\"yoast-schema-graph\">{\"@context\":\"https:\\\/\\\/schema.org\",\"@graph\":[{\"@type\":\"WebPage\",\"@id\":\"https:\\\/\\\/www.findportugal.pt\\\/en\\\/best-of\\\/\",\"url\":\"https:\\\/\\\/www.findportugal.pt\\\/en\\\/best-of\\\/\",\"name\":\"Best of - Find Portugal\",\"isPartOf\":{\"@id\":\"https:\\\/\\\/www.findportugal.pt\\\/en\\\/#website\"},\"datePublished\":\"2017-06-20T06:54:44+00:00\",\"breadcrumb\":{\"@id\":\"https:\\\/\\\/www.findportugal.pt\\\/en\\\/best-of\\\/#breadcrumb\"},\"inLanguage\":\"en-US\",\"potentialAction\":[{\"@type\":\"ReadAction\",\"target\":[\"https:\\\/\\\/www.findportugal.pt\\\/en\\\/best-of\\\/\"]}]},{\"@type\":\"BreadcrumbList\",\"@id\":\"https:\\\/\\\/www.findportugal.pt\\\/en\\\/best-of\\\/#breadcrumb\",\"itemListElement\":[{\"@type\":\"ListItem\",\"position\":1,\"name\":\"In\u00edcio\",\"item\":\"https:\\\/\\\/www.findportugal.pt\\\/en\\\/\"},{\"@type\":\"ListItem\",\"position\":2,\"name\":\"Best of\"}]},{\"@type\":\"WebSite\",\"@id\":\"https:\\\/\\\/www.findportugal.pt\\\/en\\\/#website\",\"url\":\"https:\\\/\\\/www.findportugal.pt\\\/en\\\/\",\"name\":\"Find Madeira\",\"description\":\"\",\"potentialAction\":[{\"@type\":\"SearchAction\",\"target\":{\"@type\":\"EntryPoint\",\"urlTemplate\":\"https:\\\/\\\/www.findportugal.pt\\\/en\\\/?s={search_term_string}\"},\"query-input\":{\"@type\":\"PropertyValueSpecification\",\"valueRequired\":true,\"valueName\":\"search_term_string\"}}],\"inLanguage\":\"en-US\"}]}<\/script>\n<!-- \/ Yoast SEO plugin. -->","yoast_head_json":{"title":"Best of - Find Portugal","robots":{"index":"index","follow":"follow","max-snippet":"max-snippet:-1","max-image-preview":"max-image-preview:large","max-video-preview":"max-video-preview:-1"},"canonical":"https:\/\/www.findportugal.pt\/en\/best-of\/","og_locale":"en_US","og_type":"article","og_title":"Best of - Find Portugal","og_description":"[vc_row disable_element=&#8221;yes&#8221;][vc_column][\/vc_column][\/vc_row][vc_row][vc_column][\/vc_column][\/vc_row][vc_row full_width=&#8221;stretch_row_content_no_spaces&#8221;][vc_column][\/vc_column][\/vc_row]","og_url":"https:\/\/www.findportugal.pt\/en\/best-of\/","og_site_name":"Find Portugal","twitter_card":"summary_large_image","twitter_misc":{"Est. reading time":"1 minute"},"schema":{"@context":"https:\/\/schema.org","@graph":[{"@type":"WebPage","@id":"https:\/\/www.findportugal.pt\/en\/best-of\/","url":"https:\/\/www.findportugal.pt\/en\/best-of\/","name":"Best of - Find Portugal","isPartOf":{"@id":"https:\/\/www.findportugal.pt\/en\/#website"},"datePublished":"2017-06-20T06:54:44+00:00","breadcrumb":{"@id":"https:\/\/www.findportugal.pt\/en\/best-of\/#breadcrumb"},"inLanguage":"en-US","potentialAction":[{"@type":"ReadAction","target":["https:\/\/www.findportugal.pt\/en\/best-of\/"]}]},{"@type":"BreadcrumbList","@id":"https:\/\/www.findportugal.pt\/en\/best-of\/#breadcrumb","itemListElement":[{"@type":"ListItem","position":1,"name":"In\u00edcio","item":"https:\/\/www.findportugal.pt\/en\/"},{"@type":"ListItem","position":2,"name":"Best of"}]},{"@type":"WebSite","@id":"https:\/\/www.findportugal.pt\/en\/#website","url":"https:\/\/www.findportugal.pt\/en\/","name":"Find Madeira","description":"","potentialAction":[{"@type":"SearchAction","target":{"@type":"EntryPoint","urlTemplate":"https:\/\/www.findportugal.pt\/en\/?s={search_term_string}"},"query-input":{"@type":"PropertyValueSpecification","valueRequired":true,"valueName":"search_term_string"}}],"inLanguage":"en-US"}]}},"_links":{"self":[{"href":"https:\/\/www.findportugal.pt\/en\/wp-json\/wp\/v2\/pages\/4385","targetHints":{"allow":["GET"]}}],"collection":[{"href":"https:\/\/www.findportugal.pt\/en\/wp-json\/wp\/v2\/pages"}],"about":[{"href":"https:\/\/www.findportugal.pt\/en\/wp-json\/wp\/v2\/types\/page"}],"author":[{"embeddable":true,"href":"https:\/\/www.findportugal.pt\/en\/wp-json\/wp\/v2\/users\/1"}],"replies":[{"embeddable":true,"href":"https:\/\/www.findportugal.pt\/en\/wp-json\/wp\/v2\/comments?post=4385"}],"version-history":[{"count":0,"href":"https:\/\/www.findportugal.pt\/en\/wp-json\/wp\/v2\/pages\/4385\/revisions"}],"wp:attachment":[{"href":"https:\/\/www.findportugal.pt\/en\/wp-json\/wp\/v2\/media?parent=4385"}],"curies":[{"name":"wp","href":"https:\/\/api.w.org\/{rel}","templated":true}]}}