{"id":4130,"date":"2017-06-07T09:56:11","date_gmt":"2017-06-07T09:56:11","guid":{"rendered":"https:\/\/www.findmadeira.pt\/filter-home\/"},"modified":"2026-01-23T18:39:48","modified_gmt":"2026-01-23T18:39:48","slug":"home","status":"publish","type":"page","link":"https:\/\/www.findportugal.pt\/en\/","title":{"rendered":"Home"},"content":{"rendered":"<div class=\"wpb-content-wrapper\"><p>[vc_row full_height=&#8221;yes&#8221; video_bg=&#8221;yes&#8221; video_bg_url=&#8221;https:\/\/www.youtube.com\/watch?v=gRYgHkwGPfo&#8221; content_text_aligment=&#8221;center&#8221;][vc_column]\n\t\t\t<!-- START Slider homepage EN REVOLUTION SLIDER 6.7.23 --><p class=\"rs-p-wp-fix\"><\/p>\n\t\t\t<rs-module-wrap id=\"rev_slider_7_1_wrapper\" data-source=\"gallery\" style=\"visibility:hidden;background:transparent;padding:0;margin:0px auto;margin-top:0;margin-bottom:0;\">\n\t\t\t\t<rs-module id=\"rev_slider_7_1\" style=\"\" data-version=\"6.7.23\">\n\t\t\t\t\t<rs-slides style=\"overflow: hidden; position: absolute;\">\n\t\t\t\t\t\t<rs-slide style=\"position: absolute;\" data-key=\"rs-7\" data-title=\"Slide\" data-in=\"o:0;\" data-out=\"a:false;\">\n\t\t\t\t\t\t\t<img decoding=\"async\" src=\"\/\/www.findportugal.pt\/wp-content\/plugins\/revslider\/sr6\/assets\/assets\/dummy.png\" alt=\"Slide\" title=\"Home\" class=\"rev-slidebg tp-rs-img rs-lazyload\" data-lazyload=\"\/\/www.findportugal.pt\/wp-content\/plugins\/revslider\/sr6\/assets\/assets\/transparent.png\" data-no-retina>\n<!--\n\t\t\t\t\t\t\t--><rs-layer\n\t\t\t\t\t\t\t\tid=\"slider-7-slide-7-layer-2\" \n\t\t\t\t\t\t\t\tdata-type=\"text\"\n\t\t\t\t\t\t\t\tdata-color=\"rgba(255,255,255,1)\"\n\t\t\t\t\t\t\t\tdata-rsp_ch=\"on\"\n\t\t\t\t\t\t\t\tdata-xy=\"x:c,l,l,l;xo:0,66px,58px,64px;y:m;yo:0,-37px,-56px,-76px;\"\n\t\t\t\t\t\t\t\tdata-text=\"w:normal;s:44,36,36,25;l:46,46,46,46;a:center,inherit,inherit,inherit;\"\n\t\t\t\t\t\t\t\tdata-dim=\"w:1043px,267px,267px,186px;h:auto,auto,auto,100px;\"\n\t\t\t\t\t\t\t\tdata-frame_0=\"y:100%;\"\n\t\t\t\t\t\t\t\tdata-frame_1=\"e:power4.inOut;st:200;sp:1200;\"\n\t\t\t\t\t\t\t\tdata-frame_999=\"o:0;st:w;sR:8300;\"\n\t\t\t\t\t\t\t\tstyle=\"z-index:8;font-family:'Josefin Sans';\"\n\t\t\t\t\t\t\t>REDISCOVERING PORTUGAL STARTS HERE \n\t\t\t\t\t\t\t<\/rs-layer><!--\n-->\t\t\t\t\t<\/rs-slide>\n\t\t\t\t\t<\/rs-slides>\n\t\t\t\t<\/rs-module>\n\t\t\t\t<script>\n\t\t\t\t\tsetREVStartSize({c: 'rev_slider_7_1',rl:[1240,1024,778,480],el:[300,240,250,300],gw:[1300,800,600,300],gh:[300,240,250,300],type:'hero',justify:'',layout:'fullwidth',mh:\"0\"});if (window.RS_MODULES!==undefined && window.RS_MODULES.modules!==undefined && window.RS_MODULES.modules[\"revslider71\"]!==undefined) {window.RS_MODULES.modules[\"revslider71\"].once = false;window.revapi7 = undefined;if (window.RS_MODULES.checkMinimal!==undefined) window.RS_MODULES.checkMinimal()}\n\t\t\t\t<\/script>\n\t\t\t<\/rs-module-wrap>\n\t\t\t<!-- END REVOLUTION SLIDER -->\n[\/vc_column][\/vc_row][vc_row row_content_width=&#8221;grid&#8221; content_text_aligment=&#8221;center&#8221; css=&#8221;.vc_custom_1764326824353{padding-top: 90px !important;padding-bottom: 130px !important;}&#8221;][vc_column width=&#8221;1\/6&#8243;][\/vc_column][vc_column width=&#8221;2\/3&#8243;][vc_custom_heading text=&#8221;Where Discovery Begins&#8221; font_container=&#8221;tag:h2|font_size:46|text_align:center|color:%23000000|line_height:1.2&#8243; google_fonts=&#8221;font_family:Source%20Sans%20Pro%3A200%2C200italic%2C300%2C300italic%2Cregular%2Citalic%2C600%2C600italic%2C700%2C700italic%2C900%2C900italic|font_style:900%20bold%20regular%3A900%3Anormal&#8221; css=&#8221;.vc_custom_1768991989780{margin-bottom: 20px !important;}&#8221;][vc_custom_heading text=&#8221;Find Portugal is an invitation to rediscover the very best of Portugal. Places, people, flavours and ideas. Through itineraries, stories and opinion pieces, we give voice to our editors and contributors, who share insights, experiences and perspectives on Portugal today.&#8221; font_container=&#8221;tag:h5|font_size:26|text_align:center|color:%23000000|line_height:1.2&#8243; google_fonts=&#8221;font_family:Source%20Sans%20Pro%3A200%2C200italic%2C300%2C300italic%2Cregular%2Citalic%2C600%2C600italic%2C700%2C700italic%2C900%2C900italic|font_style:400%20regular%3A400%3Anormal&#8221; css=&#8221;.vc_custom_1768992058148{margin-bottom: 0px !important;}&#8221;][\/vc_column][vc_column width=&#8221;1\/6&#8243;][\/vc_column][\/vc_row][vc_row full_width=&#8221;stretch_row_content&#8221; css=&#8221;.vc_custom_1764007396598{margin-top: -60px !important;}&#8221;][vc_column]<div class=\"eltd-elements-holder eltd-one-column eltd-responsive-mode-768\" ><div class=\"eltd-eh-item \" style=\"background-color: #ffffff\" data-item-class=\"eltd-eh-custom-780647\" data-1280-1600=\"0 6.7% 5.5% 6.7%\" data-1024-1280=\"0 7.5% 6.2% 7.5%\" data-768-1024=\"0 9.2% 7.6% 9.2%\" data-600-768=\"0 11% 9%\" data-480-600=\"0 5% 30%\" data-480=\"0 5% 30%\">\n\t<div class=\"eltd-eh-item-inner\">\n\t\t<div class=\"eltd-eh-item-content eltd-eh-custom-780647\" style=\"padding: 0 6.7% 5.9% 6.7%\">\n\t\t\t<div class=\"eltd-blog-list-holder eltd-bl-masonry eltd-bl-three-columns eltd-bl-normal-space eltd-bl-pag-no-pagination\"  data-type=masonry data-number-of-posts=-1 data-number-of-columns=3 data-space-between-columns=normal data-order-by=date data-order=DESC data-image-size=full data-title-tag=h4 data-excerpt-length=15 data-post-info-section=yes data-post-info-image=yes data-post-info-author=no data-post-info-date=yes data-post-info-category=yes data-post-info-comments=yes data-post-info-like=no data-post-info-share=no data-pagination-type=no-pagination data-max-num-pages=0 data-next-page=2>\n\t<div class=\"eltd-bl-wrapper\">\n\t\t<ul class=\"eltd-blog-list\">\n\t\t\t<div class=\"eltd-bl-grid-sizer\"><\/div>\n\t\t\t<div class=\"eltd-bl-grid-gutter\"><\/div>\n\t\t\t<li class=\"eltd-bl-item clearfix\">\n\t<div class=\"eltd-bli-inner --masonry\">\n        \n    <div class=\"eltd-post-image\">\n                <a itemprop=\"url\" href=\"https:\/\/www.findportugal.pt\/en\/the-crisis-in-hospitality-when-whats-missing-isnt-just-staff\/\" title=\"The crisis in hospitality: When what\u2019s missing isn\u2019t just staff\">\n                                        <img decoding=\"async\" itemprop=\"image\" class=\"eltd-custom-post-image\" src=\"https:\/\/www.findportugal.pt\/wp-content\/uploads\/2026\/04\/a-crise-da-restauracao-quando-falta-mais-do-que-mao-de-obra-Find-Portugal_9.jpg\" alt=\"Blog list featured image\" \/>\n                                <\/a>\n        <\/div>\n\n        <div class=\"eltd-bli-content\">\n            \n                            <div class=\"eltd-bli-info\">\n                                    <\/div>\n            \t<div class=\"eltd-post-info-category --cat -tg\">\n\t\t<a href=\"https:\/\/www.findportugal.pt\/en\/category\/food-and-drink\/\" rel=\"category tag\">Food and Drink<\/a> <a href=\"https:\/\/www.findportugal.pt\/en\/category\/opinion\/\" rel=\"category tag\">Opinion<\/a>\t<\/div>\n\t            \n<h4 itemprop=\"name\" class=\"entry-title eltd-post-title\">\n            <a itemprop=\"url\" href=\"https:\/\/www.findportugal.pt\/en\/the-crisis-in-hospitality-when-whats-missing-isnt-just-staff\/\" title=\"The crisis in hospitality: When what\u2019s missing isn\u2019t just staff\">\n            The crisis in hospitality: When what\u2019s missing isn\u2019t just staff            <\/a>\n    <\/h4>\n\n                <div class=\"eltd-bli-excerpt\">\n        <div class=\"eltd-post-excerpt-holder\">\n            <div itemprop=\"description\" class=\"eltd-post-excerpt -tg-child\">\n                Hospitality in Portugal and across Europe faces a structural crisis. Beyond labour shortages, the sector            <\/div>\n        <\/div>\n    <\/div>\n\n            <div class=\"eltd-post-info-bottom clearfix\">\n                <div class=\"eltd-post-info-bottom-left\">\n                    <div itemprop=\"dateCreated\" class=\"eltd-post-info-date entry-date published updated\">\n            <a itemprop=\"url\" href=\"https:\/\/www.findportugal.pt\/en\/2026\/04\/\">\n            <i class=\"eltd-icon-simple-line-icon icon-calender \" ><\/i>        April 1, 2026        <\/a>\n    <meta itemprop=\"interactionCount\" content=\"UserComments: 0\"\/>\n<\/div>                        <div class=\"eltd-post-info-comments-holder\">\n        <a itemprop=\"url\" class=\"eltd-post-info-comments\" href=\"https:\/\/www.findportugal.pt\/en\/the-crisis-in-hospitality-when-whats-missing-isnt-just-staff\/#respond\" target=\"_self\">\n            <i class=\"eltd-icon-simple-line-icon icon-speech \" ><\/i>            0        <\/a>\n    <\/div>\n                <\/div>\n                <div class=\"eltd-post-info-bottom-right\">\n                                    <\/div>\n            <\/div>\n        <\/div>\n\t<\/div>\n<\/li><li class=\"eltd-bl-item clearfix\">\n\t<div class=\"eltd-bli-inner --masonry\">\n        \n    <div class=\"eltd-post-image\">\n                <a itemprop=\"url\" href=\"https:\/\/www.findportugal.pt\/en\/why-madeira-still-remains-the-best-island-in-the-world\/\" title=\"Why Madeira still remains the best island in the world?\">\n                                        <img decoding=\"async\" itemprop=\"image\" class=\"eltd-custom-post-image\" src=\"https:\/\/www.findportugal.pt\/wp-content\/uploads\/2026\/03\/Find-Portugal-Madeira-melhor-ilha-do-mundo-ilust.jpg\" alt=\"Blog list featured image\" \/>\n                                <\/a>\n        <\/div>\n\n        <div class=\"eltd-bli-content\">\n            \n                            <div class=\"eltd-bli-info\">\n                                    <\/div>\n            \t<div class=\"eltd-post-info-category --cat -tg\">\n\t\t<a href=\"https:\/\/www.findportugal.pt\/en\/category\/madeira-en\/\" rel=\"category tag\">Madeira<\/a> <a href=\"https:\/\/www.findportugal.pt\/en\/category\/curiosities\/\" rel=\"category tag\">Curiosities<\/a>\t<\/div>\n\t            \n<h4 itemprop=\"name\" class=\"entry-title eltd-post-title\">\n            <a itemprop=\"url\" href=\"https:\/\/www.findportugal.pt\/en\/why-madeira-still-remains-the-best-island-in-the-world\/\" title=\"Why Madeira still remains the best island in the world?\">\n            Why Madeira still remains the best island in the world?            <\/a>\n    <\/h4>\n\n                <div class=\"eltd-bli-excerpt\">\n        <div class=\"eltd-post-excerpt-holder\">\n            <div itemprop=\"description\" class=\"eltd-post-excerpt -tg-child\">\n                Dramatic landscapes, first-class accommodation, Atlantic flavours and unrivalled natural beauty. Discover why it was voted            <\/div>\n        <\/div>\n    <\/div>\n\n            <div class=\"eltd-post-info-bottom clearfix\">\n                <div class=\"eltd-post-info-bottom-left\">\n                    <div itemprop=\"dateCreated\" class=\"eltd-post-info-date entry-date published updated\">\n            <a itemprop=\"url\" href=\"https:\/\/www.findportugal.pt\/en\/2026\/03\/\">\n            <i class=\"eltd-icon-simple-line-icon icon-calender \" ><\/i>        March 17, 2026        <\/a>\n    <meta itemprop=\"interactionCount\" content=\"UserComments: 0\"\/>\n<\/div>                        <div class=\"eltd-post-info-comments-holder\">\n        <a itemprop=\"url\" class=\"eltd-post-info-comments\" href=\"https:\/\/www.findportugal.pt\/en\/why-madeira-still-remains-the-best-island-in-the-world\/#respond\" target=\"_self\">\n            <i class=\"eltd-icon-simple-line-icon icon-speech \" ><\/i>            0        <\/a>\n    <\/div>\n                <\/div>\n                <div class=\"eltd-post-info-bottom-right\">\n                                    <\/div>\n            <\/div>\n        <\/div>\n\t<\/div>\n<\/li><li class=\"eltd-bl-item clearfix\">\n\t<div class=\"eltd-bli-inner --masonry\">\n        \n    <div class=\"eltd-post-image\">\n                <a itemprop=\"url\" href=\"https:\/\/www.findportugal.pt\/en\/azulejos-the-living-skin-of-portugal\/\" title=\"Azulejos: The living skin of Portugal\u00a0\">\n                                        <img decoding=\"async\" itemprop=\"image\" class=\"eltd-custom-post-image\" src=\"https:\/\/www.findportugal.pt\/wp-content\/uploads\/2026\/03\/Find-Portugal-Quinta-Quetzal-destaque.jpg\" alt=\"Blog list featured image\" \/>\n                                <\/a>\n        <\/div>\n\n        <div class=\"eltd-bli-content\">\n            \n                            <div class=\"eltd-bli-info\">\n                                    <\/div>\n            \t<div class=\"eltd-post-info-category --cat -tg\">\n\t\t<a href=\"https:\/\/www.findportugal.pt\/en\/category\/design-and-architecture\/\" rel=\"category tag\">Design &amp; Architecture<\/a> <a href=\"https:\/\/www.findportugal.pt\/en\/category\/cultur\/\" rel=\"category tag\">Cultur<\/a> <a href=\"https:\/\/www.findportugal.pt\/en\/category\/history\/\" rel=\"category tag\">History<\/a>\t<\/div>\n\t            \n<h4 itemprop=\"name\" class=\"entry-title eltd-post-title\">\n            <a itemprop=\"url\" href=\"https:\/\/www.findportugal.pt\/en\/azulejos-the-living-skin-of-portugal\/\" title=\"Azulejos: The living skin of Portugal\u00a0\">\n            Azulejos: The living skin of Portugal\u00a0            <\/a>\n    <\/h4>\n\n                <div class=\"eltd-bli-excerpt\">\n        <div class=\"eltd-post-excerpt-holder\">\n            <div itemprop=\"description\" class=\"eltd-post-excerpt -tg-child\">\n                For centuries, azulejos have defined Portugal's urban landscape and visual identity. Today, this heritage is            <\/div>\n        <\/div>\n    <\/div>\n\n            <div class=\"eltd-post-info-bottom clearfix\">\n                <div class=\"eltd-post-info-bottom-left\">\n                    <div itemprop=\"dateCreated\" class=\"eltd-post-info-date entry-date published updated\">\n            <a itemprop=\"url\" href=\"https:\/\/www.findportugal.pt\/en\/2026\/03\/\">\n            <i class=\"eltd-icon-simple-line-icon icon-calender \" ><\/i>        March 3, 2026        <\/a>\n    <meta itemprop=\"interactionCount\" content=\"UserComments: 0\"\/>\n<\/div>                        <div class=\"eltd-post-info-comments-holder\">\n        <a itemprop=\"url\" class=\"eltd-post-info-comments\" href=\"https:\/\/www.findportugal.pt\/en\/azulejos-the-living-skin-of-portugal\/#respond\" target=\"_self\">\n            <i class=\"eltd-icon-simple-line-icon icon-speech \" ><\/i>            0        <\/a>\n    <\/div>\n                <\/div>\n                <div class=\"eltd-post-info-bottom-right\">\n                                    <\/div>\n            <\/div>\n        <\/div>\n\t<\/div>\n<\/li><li class=\"eltd-bl-item clearfix\">\n\t<div class=\"eltd-bli-inner --masonry\">\n        \n    <div class=\"eltd-post-image\">\n                <a itemprop=\"url\" href=\"https:\/\/www.findportugal.pt\/en\/lisbon-1755-the-earthquake-that-shook-god-the-world-and-reason\/\" title=\"Lisbon, 1755: the earthquake that shook God, the world and reason\u00a0\">\n                                        <img decoding=\"async\" itemprop=\"image\" class=\"eltd-custom-post-image\" src=\"https:\/\/www.findportugal.pt\/wp-content\/uploads\/2025\/12\/Find-Portugal-Lisboa-1755-O-Terramoto-1-1.jpg\" alt=\"Blog list featured image\" \/>\n                                <\/a>\n        <\/div>\n\n        <div class=\"eltd-bli-content\">\n            \n                            <div class=\"eltd-bli-info\">\n                                    <\/div>\n            \t<div class=\"eltd-post-info-category --cat -tg\">\n\t\t<a href=\"https:\/\/www.findportugal.pt\/en\/category\/cultur\/\" rel=\"category tag\">Cultur<\/a> <a href=\"https:\/\/www.findportugal.pt\/en\/category\/history\/\" rel=\"category tag\">History<\/a>\t<\/div>\n\t            \n<h4 itemprop=\"name\" class=\"entry-title eltd-post-title\">\n            <a itemprop=\"url\" href=\"https:\/\/www.findportugal.pt\/en\/lisbon-1755-the-earthquake-that-shook-god-the-world-and-reason\/\" title=\"Lisbon, 1755: the earthquake that shook God, the world and reason\u00a0\">\n            Lisbon, 1755: the earthquake that shook God, the world and reason\u00a0            <\/a>\n    <\/h4>\n\n                <div class=\"eltd-bli-excerpt\">\n        <div class=\"eltd-post-excerpt-holder\">\n            <div itemprop=\"description\" class=\"eltd-post-excerpt -tg-child\">\n                Lisboa, 1755. O terramoto destruiu a cidade e abalou a f\u00e9 da Europa. Voltaire, Kant            <\/div>\n        <\/div>\n    <\/div>\n\n            <div class=\"eltd-post-info-bottom clearfix\">\n                <div class=\"eltd-post-info-bottom-left\">\n                    <div itemprop=\"dateCreated\" class=\"eltd-post-info-date entry-date published updated\">\n            <a itemprop=\"url\" href=\"https:\/\/www.findportugal.pt\/en\/2025\/12\/\">\n            <i class=\"eltd-icon-simple-line-icon icon-calender \" ><\/i>        December 22, 2025        <\/a>\n    <meta itemprop=\"interactionCount\" content=\"UserComments: 0\"\/>\n<\/div>                        <div class=\"eltd-post-info-comments-holder\">\n        <a itemprop=\"url\" class=\"eltd-post-info-comments\" href=\"https:\/\/www.findportugal.pt\/en\/lisbon-1755-the-earthquake-that-shook-god-the-world-and-reason\/#respond\" target=\"_self\">\n            <i class=\"eltd-icon-simple-line-icon icon-speech \" ><\/i>            0        <\/a>\n    <\/div>\n                <\/div>\n                <div class=\"eltd-post-info-bottom-right\">\n                                    <\/div>\n            <\/div>\n        <\/div>\n\t<\/div>\n<\/li><li class=\"eltd-bl-item clearfix\">\n\t<div class=\"eltd-bli-inner --masonry\">\n        \n    <div class=\"eltd-post-image\">\n                <a itemprop=\"url\" href=\"https:\/\/www.findportugal.pt\/en\/portugals-new-luxury-time-space-and-silence\/\" title=\"Portugal\u2019s new luxury: time, space and silence\">\n                                        <img decoding=\"async\" itemprop=\"image\" class=\"eltd-custom-post-image\" src=\"https:\/\/www.findportugal.pt\/wp-content\/uploads\/2025\/12\/Find-Portugal-Pedras-Salgadas-4.jpg\" alt=\"Blog list featured image\" \/>\n                                <\/a>\n        <\/div>\n\n        <div class=\"eltd-bli-content\">\n            \n                            <div class=\"eltd-bli-info\">\n                                    <\/div>\n            \t<div class=\"eltd-post-info-category --cat -tg\">\n\t\t<a href=\"https:\/\/www.findportugal.pt\/en\/category\/places-to-stay\/\" rel=\"category tag\">Places to Stay<\/a> <a href=\"https:\/\/www.findportugal.pt\/en\/category\/design-and-architecture\/\" rel=\"category tag\">Design &amp; Architecture<\/a>\t<\/div>\n\t            \n<h4 itemprop=\"name\" class=\"entry-title eltd-post-title\">\n            <a itemprop=\"url\" href=\"https:\/\/www.findportugal.pt\/en\/portugals-new-luxury-time-space-and-silence\/\" title=\"Portugal\u2019s new luxury: time, space and silence\">\n            Portugal\u2019s new luxury: time, space and silence            <\/a>\n    <\/h4>\n\n                <div class=\"eltd-bli-excerpt\">\n        <div class=\"eltd-post-excerpt-holder\">\n            <div itemprop=\"description\" class=\"eltd-post-excerpt -tg-child\">\n                H\u00e1 lugares onde o verdadeiro luxo \u00e9 poder abrandar. Casas sem rede, sil\u00eancio absoluto e            <\/div>\n        <\/div>\n    <\/div>\n\n            <div class=\"eltd-post-info-bottom clearfix\">\n                <div class=\"eltd-post-info-bottom-left\">\n                    <div itemprop=\"dateCreated\" class=\"eltd-post-info-date entry-date published updated\">\n            <a itemprop=\"url\" href=\"https:\/\/www.findportugal.pt\/en\/2025\/12\/\">\n            <i class=\"eltd-icon-simple-line-icon icon-calender \" ><\/i>        December 18, 2025        <\/a>\n    <meta itemprop=\"interactionCount\" content=\"UserComments: 0\"\/>\n<\/div>                        <div class=\"eltd-post-info-comments-holder\">\n        <a itemprop=\"url\" class=\"eltd-post-info-comments\" href=\"https:\/\/www.findportugal.pt\/en\/portugals-new-luxury-time-space-and-silence\/#respond\" target=\"_self\">\n            <i class=\"eltd-icon-simple-line-icon icon-speech \" ><\/i>            0        <\/a>\n    <\/div>\n                <\/div>\n                <div class=\"eltd-post-info-bottom-right\">\n                                    <\/div>\n            <\/div>\n        <\/div>\n\t<\/div>\n<\/li><li class=\"eltd-bl-item clearfix\">\n\t<div class=\"eltd-bli-inner --masonry\">\n        \n    <div class=\"eltd-post-image\">\n                <a itemprop=\"url\" href=\"https:\/\/www.findportugal.pt\/en\/10-soulful-cities-in-portugal-sleep-eat-and-feel\/\" title=\"10 Soulful Cities in Portugal: Sleep, Eat and Feel\">\n                                        <img decoding=\"async\" itemprop=\"image\" class=\"eltd-custom-post-image\" src=\"https:\/\/www.findportugal.pt\/wp-content\/uploads\/2025\/12\/Find-Portugal-10-cidades-portuguesas-com-alma.jpg\" alt=\"Blog list featured image\" \/>\n                                <\/a>\n        <\/div>\n\n        <div class=\"eltd-bli-content\">\n            \n                            <div class=\"eltd-bli-info\">\n                                    <\/div>\n            \t<div class=\"eltd-post-info-category --cat -tg\">\n\t\t<a href=\"https:\/\/www.findportugal.pt\/en\/category\/places-to-stay\/\" rel=\"category tag\">Places to Stay<\/a> <a href=\"https:\/\/www.findportugal.pt\/en\/category\/visit\/\" rel=\"category tag\">Visit<\/a>\t<\/div>\n\t            \n<h4 itemprop=\"name\" class=\"entry-title eltd-post-title\">\n            <a itemprop=\"url\" href=\"https:\/\/www.findportugal.pt\/en\/10-soulful-cities-in-portugal-sleep-eat-and-feel\/\" title=\"10 Soulful Cities in Portugal: Sleep, Eat and Feel\">\n            10 Soulful Cities in Portugal: Sleep, Eat and Feel            <\/a>\n    <\/h4>\n\n                <div class=\"eltd-bli-excerpt\">\n        <div class=\"eltd-post-excerpt-holder\">\n            <div itemprop=\"description\" class=\"eltd-post-excerpt -tg-child\">\n                10 Portuguese cities where you can still feel the local spirit, with suggestions on where            <\/div>\n        <\/div>\n    <\/div>\n\n            <div class=\"eltd-post-info-bottom clearfix\">\n                <div class=\"eltd-post-info-bottom-left\">\n                    <div itemprop=\"dateCreated\" class=\"eltd-post-info-date entry-date published updated\">\n            <a itemprop=\"url\" href=\"https:\/\/www.findportugal.pt\/en\/2025\/12\/\">\n            <i class=\"eltd-icon-simple-line-icon icon-calender \" ><\/i>        December 15, 2025        <\/a>\n    <meta itemprop=\"interactionCount\" content=\"UserComments: 0\"\/>\n<\/div>                        <div class=\"eltd-post-info-comments-holder\">\n        <a itemprop=\"url\" class=\"eltd-post-info-comments\" href=\"https:\/\/www.findportugal.pt\/en\/10-soulful-cities-in-portugal-sleep-eat-and-feel\/#respond\" target=\"_self\">\n            <i class=\"eltd-icon-simple-line-icon icon-speech \" ><\/i>            0        <\/a>\n    <\/div>\n                <\/div>\n                <div class=\"eltd-post-info-bottom-right\">\n                                    <\/div>\n            <\/div>\n        <\/div>\n\t<\/div>\n<\/li><li class=\"eltd-bl-item clearfix\">\n\t<div class=\"eltd-bli-inner --masonry\">\n        \n    <div class=\"eltd-post-image\">\n                <a itemprop=\"url\" href=\"https:\/\/www.findportugal.pt\/en\/heartfelt-villages-10-hidden-treasures-of-portugal\/\" title=\"Heartfelt villages: 10 hidden treasures of Portugal\">\n                                        <img decoding=\"async\" itemprop=\"image\" class=\"eltd-custom-post-image\" src=\"https:\/\/www.findportugal.pt\/wp-content\/uploads\/2025\/12\/Find-Portugal-aldeias-com-alma-destaque.jpg\" alt=\"Blog list featured image\" \/>\n                                <\/a>\n        <\/div>\n\n        <div class=\"eltd-bli-content\">\n            \n                            <div class=\"eltd-bli-info\">\n                                    <\/div>\n            \t<div class=\"eltd-post-info-category --cat -tg\">\n\t\t<a href=\"https:\/\/www.findportugal.pt\/en\/category\/visit\/\" rel=\"category tag\">Visit<\/a> <a href=\"https:\/\/www.findportugal.pt\/en\/category\/places-to-stay\/\" rel=\"category tag\">Places to Stay<\/a>\t<\/div>\n\t            \n<h4 itemprop=\"name\" class=\"entry-title eltd-post-title\">\n            <a itemprop=\"url\" href=\"https:\/\/www.findportugal.pt\/en\/heartfelt-villages-10-hidden-treasures-of-portugal\/\" title=\"Heartfelt villages: 10 hidden treasures of Portugal\">\n            Heartfelt villages: 10 hidden treasures of Portugal            <\/a>\n    <\/h4>\n\n                <div class=\"eltd-bli-excerpt\">\n        <div class=\"eltd-post-excerpt-holder\">\n            <div itemprop=\"description\" class=\"eltd-post-excerpt -tg-child\">\n                10 authentic villages in Portugal. Unique places with history, scenery and soul to visit and            <\/div>\n        <\/div>\n    <\/div>\n\n            <div class=\"eltd-post-info-bottom clearfix\">\n                <div class=\"eltd-post-info-bottom-left\">\n                    <div itemprop=\"dateCreated\" class=\"eltd-post-info-date entry-date published updated\">\n            <a itemprop=\"url\" href=\"https:\/\/www.findportugal.pt\/en\/2025\/12\/\">\n            <i class=\"eltd-icon-simple-line-icon icon-calender \" ><\/i>        December 10, 2025        <\/a>\n    <meta itemprop=\"interactionCount\" content=\"UserComments: 0\"\/>\n<\/div>                        <div class=\"eltd-post-info-comments-holder\">\n        <a itemprop=\"url\" class=\"eltd-post-info-comments\" href=\"https:\/\/www.findportugal.pt\/en\/heartfelt-villages-10-hidden-treasures-of-portugal\/#respond\" target=\"_self\">\n            <i class=\"eltd-icon-simple-line-icon icon-speech \" ><\/i>            0        <\/a>\n    <\/div>\n                <\/div>\n                <div class=\"eltd-post-info-bottom-right\">\n                                    <\/div>\n            <\/div>\n        <\/div>\n\t<\/div>\n<\/li><li class=\"eltd-bl-item clearfix\">\n\t<div class=\"eltd-bli-inner --masonry\">\n        \n    <div class=\"eltd-post-image\">\n                <a itemprop=\"url\" href=\"https:\/\/www.findportugal.pt\/en\/made-in-portugal-the-quiet-revolution-of-portuguese-design\/\" title=\"Made in Portugal: The Quiet Revolution of Portuguese Design\">\n                                        <img decoding=\"async\" itemprop=\"image\" class=\"eltd-custom-post-image\" src=\"https:\/\/www.findportugal.pt\/wp-content\/uploads\/2025\/12\/Find-Portugal-Undandy-destaque.jpg\" alt=\"Blog list featured image\" \/>\n                                <\/a>\n        <\/div>\n\n        <div class=\"eltd-bli-content\">\n            \n                            <div class=\"eltd-bli-info\">\n                                    <\/div>\n            \t<div class=\"eltd-post-info-category --cat -tg\">\n\t\t<a href=\"https:\/\/www.findportugal.pt\/en\/category\/shopping\/\" rel=\"category tag\">Shopping<\/a> <a href=\"https:\/\/www.findportugal.pt\/en\/category\/design-and-architecture\/\" rel=\"category tag\">Design &amp; Architecture<\/a>\t<\/div>\n\t            \n<h4 itemprop=\"name\" class=\"entry-title eltd-post-title\">\n            <a itemprop=\"url\" href=\"https:\/\/www.findportugal.pt\/en\/made-in-portugal-the-quiet-revolution-of-portuguese-design\/\" title=\"Made in Portugal: The Quiet Revolution of Portuguese Design\">\n            Made in Portugal: The Quiet Revolution of Portuguese Design            <\/a>\n    <\/h4>\n\n                <div class=\"eltd-bli-excerpt\">\n        <div class=\"eltd-post-excerpt-holder\">\n            <div itemprop=\"description\" class=\"eltd-post-excerpt -tg-child\">\n                Explore how Portuguese design is reshaping global aesthetics through cork, footwear, furniture and invisible innovation.            <\/div>\n        <\/div>\n    <\/div>\n\n            <div class=\"eltd-post-info-bottom clearfix\">\n                <div class=\"eltd-post-info-bottom-left\">\n                    <div itemprop=\"dateCreated\" class=\"eltd-post-info-date entry-date published updated\">\n            <a itemprop=\"url\" href=\"https:\/\/www.findportugal.pt\/en\/2025\/12\/\">\n            <i class=\"eltd-icon-simple-line-icon icon-calender \" ><\/i>        December 5, 2025        <\/a>\n    <meta itemprop=\"interactionCount\" content=\"UserComments: 0\"\/>\n<\/div>                        <div class=\"eltd-post-info-comments-holder\">\n        <a itemprop=\"url\" class=\"eltd-post-info-comments\" href=\"https:\/\/www.findportugal.pt\/en\/made-in-portugal-the-quiet-revolution-of-portuguese-design\/#respond\" target=\"_self\">\n            <i class=\"eltd-icon-simple-line-icon icon-speech \" ><\/i>            0        <\/a>\n    <\/div>\n                <\/div>\n                <div class=\"eltd-post-info-bottom-right\">\n                                    <\/div>\n            <\/div>\n        <\/div>\n\t<\/div>\n<\/li><li class=\"eltd-bl-item clearfix\">\n\t<div class=\"eltd-bli-inner --masonry\">\n        \n    <div class=\"eltd-post-image\">\n                <a itemprop=\"url\" href=\"https:\/\/www.findportugal.pt\/en\/the-5-main-complaints-of-portuguese-diners-about-restaurants\/\" title=\"The 5 main complaints of Portuguese diners about restaurants\">\n                                        <img loading=\"lazy\" decoding=\"async\" width=\"1146\" height=\"920\" src=\"https:\/\/www.findportugal.pt\/wp-content\/uploads\/2025\/11\/5-principais-queixas-dos-portugueses-Find-Portugal-destaque-2025.jpg\" class=\"attachment-full size-full wp-post-image\" alt=\"\" srcset=\"https:\/\/www.findportugal.pt\/wp-content\/uploads\/2025\/11\/5-principais-queixas-dos-portugueses-Find-Portugal-destaque-2025.jpg 1146w, https:\/\/www.findportugal.pt\/wp-content\/uploads\/2025\/11\/5-principais-queixas-dos-portugueses-Find-Portugal-destaque-2025-300x241.jpg 300w, https:\/\/www.findportugal.pt\/wp-content\/uploads\/2025\/11\/5-principais-queixas-dos-portugueses-Find-Portugal-destaque-2025-1024x822.jpg 1024w, https:\/\/www.findportugal.pt\/wp-content\/uploads\/2025\/11\/5-principais-queixas-dos-portugueses-Find-Portugal-destaque-2025-768x617.jpg 768w\" sizes=\"auto, (max-width: 1146px) 100vw, 1146px\" \/>                                <\/a>\n        <\/div>\n\n        <div class=\"eltd-bli-content\">\n            \n                            <div class=\"eltd-bli-info\">\n                                    <\/div>\n            \t<div class=\"eltd-post-info-category --cat -tg\">\n\t\t<a href=\"https:\/\/www.findportugal.pt\/en\/category\/food-and-drink\/\" rel=\"category tag\">Food and Drink<\/a> <a href=\"https:\/\/www.findportugal.pt\/en\/category\/opinion\/\" rel=\"category tag\">Opinion<\/a>\t<\/div>\n\t            \n<h4 itemprop=\"name\" class=\"entry-title eltd-post-title\">\n            <a itemprop=\"url\" href=\"https:\/\/www.findportugal.pt\/en\/the-5-main-complaints-of-portuguese-diners-about-restaurants\/\" title=\"The 5 main complaints of Portuguese diners about restaurants\">\n            The 5 main complaints of Portuguese diners about restaurants            <\/a>\n    <\/h4>\n\n                <div class=\"eltd-bli-excerpt\">\n        <div class=\"eltd-post-excerpt-holder\">\n            <div itemprop=\"description\" class=\"eltd-post-excerpt -tg-child\">\n                With the growing pressure of tourism, urban gentrification and the standardisation of offerings, many Portuguese            <\/div>\n        <\/div>\n    <\/div>\n\n            <div class=\"eltd-post-info-bottom clearfix\">\n                <div class=\"eltd-post-info-bottom-left\">\n                    <div itemprop=\"dateCreated\" class=\"eltd-post-info-date entry-date published updated\">\n            <a itemprop=\"url\" href=\"https:\/\/www.findportugal.pt\/en\/2025\/11\/\">\n            <i class=\"eltd-icon-simple-line-icon icon-calender \" ><\/i>        November 24, 2025        <\/a>\n    <meta itemprop=\"interactionCount\" content=\"UserComments: 0\"\/>\n<\/div>                        <div class=\"eltd-post-info-comments-holder\">\n        <a itemprop=\"url\" class=\"eltd-post-info-comments\" href=\"https:\/\/www.findportugal.pt\/en\/the-5-main-complaints-of-portuguese-diners-about-restaurants\/#respond\" target=\"_self\">\n            <i class=\"eltd-icon-simple-line-icon icon-speech \" ><\/i>            0        <\/a>\n    <\/div>\n                <\/div>\n                <div class=\"eltd-post-info-bottom-right\">\n                                    <\/div>\n            <\/div>\n        <\/div>\n\t<\/div>\n<\/li><li class=\"eltd-bl-item clearfix\">\n\t<div class=\"eltd-bli-inner --masonry\">\n        \n    <div class=\"eltd-post-image\">\n                <a itemprop=\"url\" href=\"https:\/\/www.findportugal.pt\/en\/everyone-wants-to-live-in-portugal-but-is-it-good-for-everyone\/\" title=\"Everyone wants to live in Portugal. But is it good for everyone?\">\n                                        <img loading=\"lazy\" decoding=\"async\" width=\"2560\" height=\"1677\" src=\"https:\/\/www.findportugal.pt\/wp-content\/uploads\/2025\/09\/porto-sutter-scaled.jpg\" class=\"attachment-full size-full wp-post-image\" alt=\"\" srcset=\"https:\/\/www.findportugal.pt\/wp-content\/uploads\/2025\/09\/porto-sutter-scaled.jpg 2560w, https:\/\/www.findportugal.pt\/wp-content\/uploads\/2025\/09\/porto-sutter-300x197.jpg 300w, https:\/\/www.findportugal.pt\/wp-content\/uploads\/2025\/09\/porto-sutter-1024x671.jpg 1024w, https:\/\/www.findportugal.pt\/wp-content\/uploads\/2025\/09\/porto-sutter-768x503.jpg 768w, https:\/\/www.findportugal.pt\/wp-content\/uploads\/2025\/09\/porto-sutter-1536x1006.jpg 1536w\" sizes=\"auto, (max-width: 2560px) 100vw, 2560px\" \/>                                <\/a>\n        <\/div>\n\n        <div class=\"eltd-bli-content\">\n            \n                            <div class=\"eltd-bli-info\">\n                                    <\/div>\n            \t<div class=\"eltd-post-info-category --cat -tg\">\n\t\t<a href=\"https:\/\/www.findportugal.pt\/en\/category\/portugal-en-2\/\" rel=\"category tag\">Portugal<\/a>\t<\/div>\n\t            \n<h4 itemprop=\"name\" class=\"entry-title eltd-post-title\">\n            <a itemprop=\"url\" href=\"https:\/\/www.findportugal.pt\/en\/everyone-wants-to-live-in-portugal-but-is-it-good-for-everyone\/\" title=\"Everyone wants to live in Portugal. But is it good for everyone?\">\n            Everyone wants to live in Portugal. But is it good for everyone?            <\/a>\n    <\/h4>\n\n                <div class=\"eltd-bli-excerpt\">\n        <div class=\"eltd-post-excerpt-holder\">\n            <div itemprop=\"description\" class=\"eltd-post-excerpt -tg-child\">\n                The #1 dream for Americans, the new haven for Brazilians, French and Brits.            <\/div>\n        <\/div>\n    <\/div>\n\n            <div class=\"eltd-post-info-bottom clearfix\">\n                <div class=\"eltd-post-info-bottom-left\">\n                    <div itemprop=\"dateCreated\" class=\"eltd-post-info-date entry-date published updated\">\n            <a itemprop=\"url\" href=\"https:\/\/www.findportugal.pt\/en\/2025\/01\/\">\n            <i class=\"eltd-icon-simple-line-icon icon-calender \" ><\/i>        January 26, 2025        <\/a>\n    <meta itemprop=\"interactionCount\" content=\"UserComments: 0\"\/>\n<\/div>                        <div class=\"eltd-post-info-comments-holder\">\n        <a itemprop=\"url\" class=\"eltd-post-info-comments\" href=\"https:\/\/www.findportugal.pt\/en\/everyone-wants-to-live-in-portugal-but-is-it-good-for-everyone\/#respond\" target=\"_self\">\n            <i class=\"eltd-icon-simple-line-icon icon-speech \" ><\/i>            0        <\/a>\n    <\/div>\n                <\/div>\n                <div class=\"eltd-post-info-bottom-right\">\n                                    <\/div>\n            <\/div>\n        <\/div>\n\t<\/div>\n<\/li>\t\t<\/ul>\n\t<\/div>\n\t<\/div>\t\t<\/div>\n\t<\/div>\n<\/div><\/div>[\/vc_column][\/vc_row][vc_row row_content_width=&#8221;grid&#8221; content_text_aligment=&#8221;center&#8221; css=&#8221;.vc_custom_1765451032495{margin-top: 0px !important;}&#8221;][vc_column]<a itemprop=\"url\" href=\"https:\/\/www.findportugal.pt\/en\/best-of\/\" target=\"_self\" style=\"color: #FFFFFF;background-color: #000000;border-color: #000000;font-size: 15px;text-align: center\" class=\"eltd-btn eltd-btn-large eltd-btn-solid eltd-btn-custom-hover-bg eltd-btn-custom-border-hover eltd-btn-custom-hover-color\" data-hover-color=\"#000000\" data-hover-bg-color=\"#FFFFFF\" data-hover-border-color=\"#000000\" >\n    <span class=\"eltd-btn-text\"  >\n        FIND MORE    <\/span>\n\t<\/a>[vc_empty_space height=&#8221;100px&#8221;][\/vc_column][\/vc_row][vc_row content_placement=&#8221;middle&#8221;][vc_column offset=&#8221;vc_hidden-xs&#8221;]<div class=\"eltd-parallax-holder eltd-vertical-middle-align eltd-disabled-parallax-on-touch\" data-parallax-speed=\"1\" style=\"background-image: url(https:\/\/www.findportugal.pt\/wp-content\/uploads\/2025\/11\/West_Lisbon_banner-scaled.jpg);min-height: 400px;height: 400px\">\n\t<div class=\"eltd-parallax-inner\">\n\t\t[vc_row_inner][vc_column_inner width=&#8221;1\/2&#8243; offset=&#8221;vc_col-lg-8 vc_col-md-8&#8243;][\/vc_column_inner][vc_column_inner width=&#8221;1\/2&#8243; offset=&#8221;vc_col-lg-4 vc_col-md-4&#8243;][vc_single_image image=&#8221;10793&#8243; img_size=&#8221;full&#8221; alignment=&#8221;right&#8221; onclick=&#8221;custom_link&#8221; css=&#8221;&#8221; link=&#8221;https:\/\/www.findportugal.pt\/en\/about\/&#8221;][\/vc_column_inner][\/vc_row_inner]\t<\/div>\n<\/div>\n[\/vc_column][\/vc_row][vc_row content_placement=&#8221;middle&#8221;][vc_column offset=&#8221;vc_hidden-xs&#8221;]<div class=\"eltd-parallax-holder eltd-vertical-middle-align eltd-disabled-parallax-on-touch\" data-parallax-speed=\"1\" style=\"background-image: url(https:\/\/www.findportugal.pt\/wp-content\/uploads\/2024\/04\/vistas3_236839753.jpg);min-height: 400px;height: 400px\">\n\t<div class=\"eltd-parallax-inner\">\n\t\t[vc_row_inner][vc_column_inner width=&#8221;1\/2&#8243; offset=&#8221;vc_col-lg-4 vc_col-md-4&#8243;]<div class=\"eltd-elements-holder eltd-one-column eltd-responsive-mode-768\" ><div class=\"eltd-eh-item \"  data-item-class=\"eltd-eh-custom-117219\" data-1280-1600=\"14% 0 12.5% 0\" data-1024-1280=\"14% 0 12.5% 0\" data-768-1024=\"33% 0 31.5% 0\" data-600-768=\"20% 0\" data-480-600=\"15% 0 15% 0\" data-480=\"15% 0 15% 0\">\n\t<div class=\"eltd-eh-item-inner\">\n\t\t<div class=\"eltd-eh-item-content eltd-eh-custom-117219\" style=\"padding: 5% 0 3.5% 0\">\n\t\t\t[vc_single_image image=&#8221;10696&#8243; img_size=&#8221;full&#8221; onclick=&#8221;custom_link&#8221; img_link_target=&#8221;_blank&#8221; css=&#8221;&#8221; link=&#8221;https:\/\/www.findmadeira.pt\/en\/&#8221;]\t\t<\/div>\n\t<\/div>\n<\/div><\/div>[\/vc_column_inner][vc_column_inner width=&#8221;1\/2&#8243; offset=&#8221;vc_col-lg-8 vc_col-md-8&#8243;][\/vc_column_inner][\/vc_row_inner]\t<\/div>\n<\/div>\n[\/vc_column][\/vc_row][vc_row css=&#8221;.vc_custom_1764265363652{padding-top: 113px !important;padding-bottom: 99px !important;background-color: #000000 !important;}&#8221;][vc_column][vc_row_inner equal_height=&#8221;yes&#8221; row_content_width=&#8221;grid&#8221;][vc_column_inner offset=&#8221;vc_col-lg-offset-0 vc_col-lg-6 vc_col-md-offset-2 vc_col-md-8&#8243;]<div class=\"eltd-elements-holder eltd-one-column eltd-responsive-mode-768\" ><div class=\"eltd-eh-item eltd-horizontal-alignment-center\"  data-item-class=\"eltd-eh-custom-886832\" data-768-1024=\"0 0 5% 0\" data-480-600=\"0 0 5% 0\" data-480=\"0 0 5% 0\">\n\t<div class=\"eltd-eh-item-inner\">\n\t\t<div class=\"eltd-eh-item-content eltd-eh-custom-886832\" style=\"padding: 0 11%\">\n\t\t\t[vc_custom_heading text=&#8221;The magazine that<br \/>\nbrings you new ideas,<br \/>\nplaces and stories.&#8221; font_container=&#8221;tag:h1|text_align:center|color:%23ffffff|line_height:56px&#8221; google_fonts=&#8221;font_family:Josefin%20Sans%3A100%2C100italic%2C300%2C300italic%2Cregular%2Citalic%2C600%2C600italic%2C700%2C700italic|font_style:600%20bold%20regular%3A600%3Anormal&#8221; css=&#8221;&#8221;]\t\t<\/div>\n\t<\/div>\n<\/div><\/div>[\/vc_column_inner][vc_column_inner offset=&#8221;vc_col-lg-offset-0 vc_col-lg-6 vc_col-md-offset-2 vc_col-md-8&#8243; css=&#8221;.vc_custom_1497424531665{padding-left: 0px !important;}&#8221;]<div class=\"eltd-elements-holder eltd-one-column eltd-responsive-mode-768\" ><div class=\"eltd-eh-item \"  data-item-class=\"eltd-eh-custom-952653\" data-480-600=\"0 0 0 5%\" data-480=\"0 0 0 5%\">\n\t<div class=\"eltd-eh-item-inner\">\n\t\t<div class=\"eltd-eh-item-content eltd-eh-custom-952653\" >\n\t\t\t<div class=\"eltd-section-title-holder\" style=\"padding: 0 3%\">\n\t\t\t<h4 class=\"eltd-st-title\" style=\"color: #ffffff\">\n\n            <span class=\"eltd-section-title-inner-wrapper\">\n\n                Find Portugal, in your inbox.\n            <\/span>\n\n\n\t\t<\/h4>\n\t\n\t\t\t<p class=\"eltd-st-text\" style=\"color: #ffffff;font-size: 18px;font-weight: 300\">What matters, thoughtfully curated.<\/p>\n\t\n<\/div>\n[vc_empty_space height=&#8221;30px&#8221;]\t\t<\/div>\n\t<\/div>\n<\/div><\/div><div class=\"eltd-elements-holder eltd-one-column eltd-responsive-mode-768\" ><div class=\"eltd-eh-item \"  data-item-class=\"eltd-eh-custom-105466\" data-1280-1600=\"0 5% 0 0\" data-1024-1280=\"0 13% 0 0\" data-768-1024=\"0 0 9% 0\" data-600-768=\"0 0 7% 0\" data-480-600=\"0 0\" data-480=\"0 0\">\n\t<div class=\"eltd-eh-item-inner\">\n\t\t<div class=\"eltd-eh-item-content eltd-eh-custom-105466\" >\n\t\t\t\n<div class=\"wpcf7 no-js\" id=\"wpcf7-f4253-o1\" lang=\"en-US\" dir=\"ltr\" data-wpcf7-id=\"4253\">\n<div class=\"screen-reader-response\"><p role=\"status\" aria-live=\"polite\" aria-atomic=\"true\"><\/p> <ul><\/ul><\/div>\n<form action=\"\/en\/wp-json\/wp\/v2\/pages\/4130#wpcf7-f4253-o1\" method=\"post\" class=\"wpcf7-form init\" aria-label=\"Contact form\" novalidate=\"novalidate\" data-status=\"init\">\n<fieldset class=\"hidden-fields-container\"><input type=\"hidden\" name=\"_wpcf7\" value=\"4253\" \/><input type=\"hidden\" name=\"_wpcf7_version\" value=\"6.1.5\" \/><input type=\"hidden\" name=\"_wpcf7_locale\" value=\"en_US\" \/><input type=\"hidden\" name=\"_wpcf7_unit_tag\" value=\"wpcf7-f4253-o1\" \/><input type=\"hidden\" name=\"_wpcf7_container_post\" value=\"0\" \/><input type=\"hidden\" name=\"_wpcf7_posted_data_hash\" value=\"\" \/>\n<\/fieldset>\n<div class=\"eltd-newsletter-form clearfix\">\n\t<div class=\"eltd-grid-col-8\">\n\t\t<p><span class=\"wpcf7-form-control-wrap\" data-name=\"your-email\"><input size=\"40\" maxlength=\"400\" class=\"wpcf7-form-control wpcf7-email wpcf7-validates-as-required wpcf7-text wpcf7-validates-as-email\" aria-required=\"true\" aria-invalid=\"false\" placeholder=\"Email address\" value=\"\" type=\"email\" name=\"your-email\" \/><\/span>\n\t\t<\/p>\n\t<\/div>\n\t<div class=\"eltd-grid-col-4\">\n\t\t<div class=\"eltd-newsletter-button\">\n\t\t\t<p><input class=\"wpcf7-form-control wpcf7-submit has-spinner\" type=\"submit\" value=\"Subscribe\" \/>\n\t\t\t<\/p>\n\t\t<\/div>\n\t<\/div>\n<\/div><div class=\"wpcf7-response-output\" aria-hidden=\"true\"><\/div>\n<\/form>\n<\/div>\n\t\t<\/div>\n\t<\/div>\n<\/div><\/div>[\/vc_column_inner][\/vc_row_inner][\/vc_column][\/vc_row][vc_row][vc_column offset=&#8221;vc_hidden-lg vc_hidden-md vc_hidden-sm vc_hidden-xs&#8221;]\n<div class=\"eltd-ls-slider-holder clearfix\">\n\n\t<div class=\"eltd-ls-slider-items-holder clearfix eltd-ls-slider-no-space\">\n\t\t<div class=\"eltd-ls-slider-items-holder-inner eltd-ls-slider-inner eltd-owl-slider clearfix\" data-number-of-items=\"4\" data-enable-loop=\"yes\" data-enable-autoplay=\"yes\" data-enable-navigation=\"no\" data-enable-pagination=\"no\">\n\t\t\t<article class=\"eltd-ls-item\">\n\n    \n        <div class=\"eltd-ls-item-image\">\n\n            <a href=\"https:\/\/www.findportugal.pt\/en\/shopping\/blandys-wine-lodge\/\">\n                <img loading=\"lazy\" decoding=\"async\" width=\"720\" height=\"600\" src=\"https:\/\/www.findportugal.pt\/wp-content\/uploads\/2024\/03\/Blandys_destaque_720x600.jpg\" class=\"attachment-full size-full wp-post-image\" alt=\"\" \/>            <\/a>\n        <\/div>\n\n    \n    <div class=\"eltd-ls-item-inner\">\n\n        <div class=\"eltd-ls-item-title\">\n            <h3 class=\"eltd-listing-title\">\n                <a href=\"https:\/\/www.findportugal.pt\/en\/shopping\/blandys-wine-lodge\/\">\n                    Blandy\u2019s Wine Lodge                <\/a>\n            <\/h3>\n        <\/div>\n\n                    <div class=\"eltd-ls-item-content\">\n                \t\t\t<div class=\"eltd-listing-rating-holder\">\n\n\t\t\t\t\n\n\t\t\t\t<div class=\"eltd-average-rating\">\n\t\t\t\t\t<span>\n\t\t\t\t\t\t0\t\t\t\t\t<\/span>\n\t\t\t\t<\/div>\n\n\t\t\t\t<div class=\"eltd-listing-rating-stars-holder\">\n\t\t\t\t\t<span class=\"eltd-rating-stars\" style=\"width: 0%\"><\/span>\n\t\t\t\t<\/div>\n\n\t\t\t<\/div>\n\t\t            <\/div>\n        \n    <\/div>\n\n<\/article><article class=\"eltd-ls-item\">\n\n    \n        <div class=\"eltd-ls-item-image\">\n\n            <a href=\"https:\/\/www.findportugal.pt\/en\/comer\/the-dining-room\/\">\n                <img loading=\"lazy\" decoding=\"async\" width=\"720\" height=\"600\" src=\"https:\/\/www.findportugal.pt\/wp-content\/uploads\/2025\/09\/16.-The-Dinning-Room_Capa.jpg\" class=\"attachment-full size-full wp-post-image\" alt=\"\" \/>            <\/a>\n        <\/div>\n\n    \n    <div class=\"eltd-ls-item-inner\">\n\n        <div class=\"eltd-ls-item-title\">\n            <h3 class=\"eltd-listing-title\">\n                <a href=\"https:\/\/www.findportugal.pt\/en\/comer\/the-dining-room\/\">\n                    The Dining Room                <\/a>\n            <\/h3>\n        <\/div>\n\n                    <div class=\"eltd-ls-item-content\">\n                \t\t\t<div class=\"eltd-listing-rating-holder\">\n\n\t\t\t\t\n\n\t\t\t\t<div class=\"eltd-average-rating\">\n\t\t\t\t\t<span>\n\t\t\t\t\t\t0\t\t\t\t\t<\/span>\n\t\t\t\t<\/div>\n\n\t\t\t\t<div class=\"eltd-listing-rating-stars-holder\">\n\t\t\t\t\t<span class=\"eltd-rating-stars\" style=\"width: 0%\"><\/span>\n\t\t\t\t<\/div>\n\n\t\t\t<\/div>\n\t\t            <\/div>\n        \n    <\/div>\n\n<\/article><article class=\"eltd-ls-item\">\n\n    \n        <div class=\"eltd-ls-item-image\">\n\n            <a href=\"https:\/\/www.findportugal.pt\/en\/sleep\/quinta-jardins-do-lago\/\">\n                <img loading=\"lazy\" decoding=\"async\" width=\"700\" height=\"600\" src=\"https:\/\/www.findportugal.pt\/wp-content\/uploads\/2024\/10\/1.-Quinta-Jardins-do-Lago_Capa.jpg\" class=\"attachment-full size-full wp-post-image\" alt=\"\" \/>            <\/a>\n        <\/div>\n\n    \n    <div class=\"eltd-ls-item-inner\">\n\n        <div class=\"eltd-ls-item-title\">\n            <h3 class=\"eltd-listing-title\">\n                <a href=\"https:\/\/www.findportugal.pt\/en\/sleep\/quinta-jardins-do-lago\/\">\n                    Quinta Jardins do Lago                <\/a>\n            <\/h3>\n        <\/div>\n\n                    <div class=\"eltd-ls-item-content\">\n                \t\t\t<div class=\"eltd-listing-rating-holder\">\n\n\t\t\t\t\n\n\t\t\t\t<div class=\"eltd-average-rating\">\n\t\t\t\t\t<span>\n\t\t\t\t\t\t0\t\t\t\t\t<\/span>\n\t\t\t\t<\/div>\n\n\t\t\t\t<div class=\"eltd-listing-rating-stars-holder\">\n\t\t\t\t\t<span class=\"eltd-rating-stars\" style=\"width: 0%\"><\/span>\n\t\t\t\t<\/div>\n\n\t\t\t<\/div>\n\t\t            <\/div>\n        \n    <\/div>\n\n<\/article><article class=\"eltd-ls-item\">\n\n    \n        <div class=\"eltd-ls-item-image\">\n\n            <a href=\"https:\/\/www.findportugal.pt\/en\/comer\/casa-da-quinta-bistro-wine-bar\/\">\n                <img loading=\"lazy\" decoding=\"async\" width=\"720\" height=\"600\" src=\"https:\/\/www.findportugal.pt\/wp-content\/uploads\/2025\/09\/CASA-DA-QUINTA-BISTRO-WINE-BAR_Capa.jpg\" class=\"attachment-full size-full wp-post-image\" alt=\"\" \/>            <\/a>\n        <\/div>\n\n    \n    <div class=\"eltd-ls-item-inner\">\n\n        <div class=\"eltd-ls-item-title\">\n            <h3 class=\"eltd-listing-title\">\n                <a href=\"https:\/\/www.findportugal.pt\/en\/comer\/casa-da-quinta-bistro-wine-bar\/\">\n                    Casa da Quinta, Bistro &#038; Wine Bar                <\/a>\n            <\/h3>\n        <\/div>\n\n                    <div class=\"eltd-ls-item-content\">\n                \t\t\t<div class=\"eltd-listing-rating-holder\">\n\n\t\t\t\t\n\n\t\t\t\t<div class=\"eltd-average-rating\">\n\t\t\t\t\t<span>\n\t\t\t\t\t\t0\t\t\t\t\t<\/span>\n\t\t\t\t<\/div>\n\n\t\t\t\t<div class=\"eltd-listing-rating-stars-holder\">\n\t\t\t\t\t<span class=\"eltd-rating-stars\" style=\"width: 0%\"><\/span>\n\t\t\t\t<\/div>\n\n\t\t\t<\/div>\n\t\t            <\/div>\n        \n    <\/div>\n\n<\/article>\t\t<\/div>\n\t<\/div>\n<\/div>[\/vc_column][\/vc_row][vc_row disable_element=&#8221;yes&#8221; el_class=&#8221;elated-custom-row&#8221;][vc_column width=&#8221;1\/3&#8243; css=&#8221;.vc_custom_1499078510589{padding-top: 0px !important;padding-right: 0px !important;padding-bottom: 0px !important;padding-left: 0px !important;}&#8221;]<div class=\"eltd-banner-holder\">\n    <div class=\"eltd-banner-image\">\n        <img loading=\"lazy\" decoding=\"async\" width=\"1369\" height=\"857\" src=\"https:\/\/www.findportugal.pt\/wp-content\/uploads\/2025\/12\/teste1.jpg\" class=\"attachment-full size-full\" alt=\"\" srcset=\"https:\/\/www.findportugal.pt\/wp-content\/uploads\/2025\/12\/teste1.jpg 1369w, https:\/\/www.findportugal.pt\/wp-content\/uploads\/2025\/12\/teste1-300x188.jpg 300w, https:\/\/www.findportugal.pt\/wp-content\/uploads\/2025\/12\/teste1-1024x641.jpg 1024w, https:\/\/www.findportugal.pt\/wp-content\/uploads\/2025\/12\/teste1-768x481.jpg 768w\" sizes=\"auto, (max-width: 1369px) 100vw, 1369px\" \/>    <\/div>\n    \t    <div class=\"eltd-banner-front-image\">\n\t        <img loading=\"lazy\" decoding=\"async\" width=\"1369\" height=\"857\" src=\"https:\/\/www.findportugal.pt\/wp-content\/uploads\/2025\/12\/destaque-artigo-Find-Madeira-Passagem-de-Ano-letras-new-3.png\" class=\"attachment-full size-full\" alt=\"\" srcset=\"https:\/\/www.findportugal.pt\/wp-content\/uploads\/2025\/12\/destaque-artigo-Find-Madeira-Passagem-de-Ano-letras-new-3.png 1369w, https:\/\/www.findportugal.pt\/wp-content\/uploads\/2025\/12\/destaque-artigo-Find-Madeira-Passagem-de-Ano-letras-new-3-300x188.png 300w, https:\/\/www.findportugal.pt\/wp-content\/uploads\/2025\/12\/destaque-artigo-Find-Madeira-Passagem-de-Ano-letras-new-3-1024x641.png 1024w, https:\/\/www.findportugal.pt\/wp-content\/uploads\/2025\/12\/destaque-artigo-Find-Madeira-Passagem-de-Ano-letras-new-3-768x481.png 768w\" sizes=\"auto, (max-width: 1369px) 100vw, 1369px\" \/>\t    <\/div>\n            <a itemprop=\"url\" class=\"eltd-banner-link\" href=\"https:\/\/www.findmadeira.pt\/en\/christmas-and-new-year-s-eve-in-madeira-island\/\" target=\"_blank\"><\/a>\n    <\/div>[\/vc_column][vc_column width=&#8221;1\/3&#8243; css=&#8221;.vc_custom_1499078379299{padding-top: 0px !important;padding-right: 0px !important;padding-bottom: 0px !important;padding-left: 0px !important;}&#8221;]<div class=\"eltd-banner-holder\">\n    <div class=\"eltd-banner-image\">\n        <img loading=\"lazy\" decoding=\"async\" width=\"1369\" height=\"857\" src=\"https:\/\/www.findportugal.pt\/wp-content\/uploads\/2025\/12\/destaque-artigo-Find-Madeira-7-restaurantes.jpg\" class=\"attachment-full size-full\" alt=\"\" srcset=\"https:\/\/www.findportugal.pt\/wp-content\/uploads\/2025\/12\/destaque-artigo-Find-Madeira-7-restaurantes.jpg 1369w, https:\/\/www.findportugal.pt\/wp-content\/uploads\/2025\/12\/destaque-artigo-Find-Madeira-7-restaurantes-300x188.jpg 300w, https:\/\/www.findportugal.pt\/wp-content\/uploads\/2025\/12\/destaque-artigo-Find-Madeira-7-restaurantes-1024x641.jpg 1024w, https:\/\/www.findportugal.pt\/wp-content\/uploads\/2025\/12\/destaque-artigo-Find-Madeira-7-restaurantes-768x481.jpg 768w\" sizes=\"auto, (max-width: 1369px) 100vw, 1369px\" \/>    <\/div>\n    \t    <div class=\"eltd-banner-front-image\">\n\t        <img loading=\"lazy\" decoding=\"async\" width=\"1369\" height=\"857\" src=\"https:\/\/www.findportugal.pt\/wp-content\/uploads\/2025\/12\/destaque-artigo-Find-Madeira-7-restaurantes-letras-1.png\" class=\"attachment-full size-full\" alt=\"\" srcset=\"https:\/\/www.findportugal.pt\/wp-content\/uploads\/2025\/12\/destaque-artigo-Find-Madeira-7-restaurantes-letras-1.png 1369w, https:\/\/www.findportugal.pt\/wp-content\/uploads\/2025\/12\/destaque-artigo-Find-Madeira-7-restaurantes-letras-1-300x188.png 300w, https:\/\/www.findportugal.pt\/wp-content\/uploads\/2025\/12\/destaque-artigo-Find-Madeira-7-restaurantes-letras-1-1024x641.png 1024w, https:\/\/www.findportugal.pt\/wp-content\/uploads\/2025\/12\/destaque-artigo-Find-Madeira-7-restaurantes-letras-1-768x481.png 768w\" sizes=\"auto, (max-width: 1369px) 100vw, 1369px\" \/>\t    <\/div>\n            <a itemprop=\"url\" class=\"eltd-banner-link\" href=\"https:\/\/www.findmadeira.pt\/en\/7-restaurants-7-dishes-a-culinary-journey-through-madeira\/\" target=\"_blank\"><\/a>\n    <\/div>[\/vc_column][vc_column width=&#8221;1\/3&#8243; css=&#8221;.vc_custom_1499078384744{padding-top: 0px !important;padding-right: 0px !important;padding-bottom: 0px !important;padding-left: 0px !important;}&#8221;]<div class=\"eltd-banner-holder\">\n    <div class=\"eltd-banner-image\">\n        <img loading=\"lazy\" decoding=\"async\" width=\"1200\" height=\"751\" src=\"https:\/\/www.findportugal.pt\/wp-content\/uploads\/2025\/12\/teste3.jpg\" class=\"attachment-full size-full\" alt=\"\" srcset=\"https:\/\/www.findportugal.pt\/wp-content\/uploads\/2025\/12\/teste3.jpg 1200w, https:\/\/www.findportugal.pt\/wp-content\/uploads\/2025\/12\/teste3-300x188.jpg 300w, https:\/\/www.findportugal.pt\/wp-content\/uploads\/2025\/12\/teste3-1024x641.jpg 1024w, https:\/\/www.findportugal.pt\/wp-content\/uploads\/2025\/12\/teste3-768x481.jpg 768w\" sizes=\"auto, (max-width: 1200px) 100vw, 1200px\" \/>    <\/div>\n    \t    <div class=\"eltd-banner-front-image\">\n\t        <img loading=\"lazy\" decoding=\"async\" width=\"1369\" height=\"857\" src=\"https:\/\/www.findportugal.pt\/wp-content\/uploads\/2025\/12\/destaque-artigo-Find-Madeira-Oasis-secreto-letras.png\" class=\"attachment-full size-full\" alt=\"\" srcset=\"https:\/\/www.findportugal.pt\/wp-content\/uploads\/2025\/12\/destaque-artigo-Find-Madeira-Oasis-secreto-letras.png 1369w, https:\/\/www.findportugal.pt\/wp-content\/uploads\/2025\/12\/destaque-artigo-Find-Madeira-Oasis-secreto-letras-300x188.png 300w, https:\/\/www.findportugal.pt\/wp-content\/uploads\/2025\/12\/destaque-artigo-Find-Madeira-Oasis-secreto-letras-1024x641.png 1024w, https:\/\/www.findportugal.pt\/wp-content\/uploads\/2025\/12\/destaque-artigo-Find-Madeira-Oasis-secreto-letras-768x481.png 768w\" sizes=\"auto, (max-width: 1369px) 100vw, 1369px\" \/>\t    <\/div>\n            <a itemprop=\"url\" class=\"eltd-banner-link\" href=\"https:\/\/www.findmadeira.pt\/en\/secret-oases-in-the-heart-of-funchal-luxury-without-the-crowds\/\" target=\"_blank\"><\/a>\n    <\/div>[\/vc_column][\/vc_row][vc_row equal_height=&#8221;yes&#8221; content_placement=&#8221;middle&#8221; css=&#8221;.vc_custom_1497857291675{background-color: #ffffff !important;}&#8221;][vc_column offset=&#8221;vc_col-lg-6 vc_col-md-12&#8243; css=&#8221;.vc_custom_1497363630667{padding-top: 0px !important;padding-right: 0px !important;padding-bottom: 0px !important;padding-left: 0px !important;}&#8221;]<div class=\"eltd-animation-holder eltd-element-from-right\" data-animation=\"eltd-element-from-right\" data-animation-delay=\"\"><div class=\"eltd-animation-inner\"><div class=\"eltd-elements-holder eltd-one-column eltd-responsive-mode-768\" ><div class=\"eltd-eh-item \"  data-item-class=\"eltd-eh-custom-100586\" data-1280-1600=\"0 5% 1% 10%\" data-1024-1280=\"0 9% 2% 10%\" data-768-1024=\"13% 31% 14% 10%\" data-600-768=\"11% 21% 12% 12.5%\" data-480-600=\"20% 10% 20% 10%\" data-480=\"20% 10% 20% 10%\">\n\t<div class=\"eltd-eh-item-inner\">\n\t\t<div class=\"eltd-eh-item-content eltd-eh-custom-100586\" style=\"padding: 0 28% 1.5% 12.5%\">\n\t\t\t<div class=\"eltd-section-title-holder\" >\n\t\t\t<h2 class=\"eltd-st-title\" style=\"color: #2a2a2a\">\n\n            <span class=\"eltd-section-title-inner-wrapper\">\n\n                Secret Oases in the Heart of Funchal: Luxury Without the Crowds\n            <\/span>\n\n\n\t\t<\/h2>\n\t\n\t\n<\/div>\n[vc_column_text css=&#8221;.vc_custom_1767977206891{padding-top: 12px !important;}&#8221;]In central Funchal, time still slows down. Discover five boutique hotels set within historic quintas, peaceful oases of nature, refinement, and timeless charm.[\/vc_column_text][vc_empty_space height=&#8221;30px&#8221;]<a itemprop=\"url\" href=\"https:\/\/www.findmadeira.pt\/en\/secret-oases-in-the-heart-of-funchal-luxury-without-the-crowds\/\" target=\"_blank\" style=\"background-color: #000000;border-color: #000000;font-size: 14px;font-weight: 400;text-align: center\" class=\"eltd-btn eltd-btn-medium eltd-btn-solid eltd-btn-custom-border-hover eltd-btn-custom-hover-color eltd-btn-icon\" data-hover-color=\"#000000\" data-hover-border-color=\"#000000\" data-icon-hover-color=\"#000000\" >\n    <span class=\"eltd-btn-text\"  >\n        SEE MORE    <\/span>\n\t        <span class=\"eltd-btn-icon-html\"  >\n            <span aria-hidden=\"true\" class=\"eltd-icon-font-elegant arrow_carrot-right \" ><\/span>        <\/span>\n\t<\/a>\t\t<\/div>\n\t<\/div>\n<\/div><\/div><\/div><\/div>[\/vc_column][vc_column offset=&#8221;vc_col-lg-6 vc_col-md-12&#8243; css=&#8221;.vc_custom_1497363639262{padding-top: 0% !important;padding-right: 0% !important;padding-bottom: 0% !important;padding-left: 0% !important;}&#8221;]<div class=\"eltd-elements-holder eltd-one-column eltd-responsive-mode-768\" ><div class=\"eltd-eh-item \" style=\"background-image: url(https:\/\/www.findportugal.pt\/wp-content\/uploads\/2025\/12\/teste3.jpg)\" data-item-class=\"eltd-eh-custom-695870\" data-1280-1600=\"218px 0\" data-1024-1280=\"230px 0\" data-768-1024=\"311px 0\" data-600-768=\"234px 0\" data-480-600=\"100px 0\" data-480=\"100px 0\">\n\t<div class=\"eltd-eh-item-inner\">\n\t\t<div class=\"eltd-eh-item-content eltd-eh-custom-695870\" style=\"padding: 330px 0\">\n\t\t\t\t\t<\/div>\n\t<\/div>\n<\/div><\/div>[\/vc_column][\/vc_row][vc_row equal_height=&#8221;yes&#8221; content_placement=&#8221;middle&#8221; css=&#8221;.vc_custom_1497857297084{background-color: #ffffff !important;}&#8221;][vc_column offset=&#8221;vc_col-lg-6 vc_col-md-12&#8243; css=&#8221;.vc_custom_1497363646099{padding-top: 0px !important;padding-right: 0px !important;padding-bottom: 0px !important;padding-left: 0px !important;}&#8221;]<div class=\"eltd-elements-holder eltd-one-column eltd-responsive-mode-768\" ><div class=\"eltd-eh-item \" style=\"background-image: url(https:\/\/www.findportugal.pt\/wp-content\/uploads\/2026\/01\/banner_Blandys.jpg)\" data-item-class=\"eltd-eh-custom-411977\" data-1280-1600=\"218px 0\" data-1024-1280=\"230px 0\" data-768-1024=\"311px 0\" data-600-768=\"234px 0\" data-480-600=\"100px 0\" data-480=\"100px 0\">\n\t<div class=\"eltd-eh-item-inner\">\n\t\t<div class=\"eltd-eh-item-content eltd-eh-custom-411977\" style=\"padding: 330px 0\">\n\t\t\t\t\t<\/div>\n\t<\/div>\n<\/div><\/div>[\/vc_column][vc_column offset=&#8221;vc_col-lg-6 vc_col-md-12&#8243; css=&#8221;.vc_custom_1497363654121{padding-top: 0% !important;padding-right: 0% !important;padding-bottom: 0% !important;padding-left: 0% !important;}&#8221;]<div class=\"eltd-animation-holder eltd-element-from-right\" data-animation=\"eltd-element-from-right\" data-animation-delay=\"\"><div class=\"eltd-animation-inner\"><div class=\"eltd-elements-holder eltd-one-column eltd-responsive-mode-768\" ><div class=\"eltd-eh-item \"  data-item-class=\"eltd-eh-custom-162076\" data-1280-1600=\"0 10% 1% 5%\" data-1024-1280=\"0 10% 2% 9%\" data-768-1024=\"13% 31% 14% 10%\" data-600-768=\"11% 21% 12% 12.5%\" data-480-600=\"20% 10% 20% 10%\" data-480=\"20% 10% 20% 10%\">\n\t<div class=\"eltd-eh-item-inner\">\n\t\t<div class=\"eltd-eh-item-content eltd-eh-custom-162076\" style=\"padding: 0 28% 1.5% 12.5%\">\n\t\t\t<div class=\"eltd-section-title-holder\" >\n\t\t\t<h2 class=\"eltd-st-title\" style=\"color: #2a2a2a\">\n\n            <span class=\"eltd-section-title-inner-wrapper\">\n\n                Blandy\u2019s Wine Lodge: Guided Tour and Tasting of Madeira Wines with History\n            <\/span>\n\n\n\t\t<\/h2>\n\t\n\t\n<\/div>\n[vc_column_text css=&#8221;.vc_custom_1767977308188{padding-top: 12px !important;}&#8221;]<span class=\"TextRun SCXW264375660 BCX0\" lang=\"PT-PT\" xml:lang=\"PT-PT\" data-contrast=\"auto\"><span class=\"NormalTextRun SCXW264375660 BCX0\">In <\/span><span class=\"NormalTextRun SpellingErrorV2Themed SCXW264375660 BCX0\">the<\/span> <span class=\"NormalTextRun SpellingErrorV2Themed SCXW264375660 BCX0\">heart<\/span> <span class=\"NormalTextRun SpellingErrorV2Themed SCXW264375660 BCX0\">of<\/span> <\/span><span class=\"TextRun Underlined SCXW264375660 BCX0\" lang=\"PT-PT\" xml:lang=\"PT-PT\" data-contrast=\"none\"><span class=\"NormalTextRun SCXW264375660 BCX0\" data-ccp-charstyle=\"Hyperlink\">Funchal<\/span><\/span><span class=\"TextRun SCXW264375660 BCX0\" lang=\"PT-PT\" xml:lang=\"PT-PT\" data-contrast=\"auto\"><span class=\"NormalTextRun SCXW264375660 BCX0\">, <\/span><span class=\"NormalTextRun SpellingErrorV2Themed SCXW264375660 BCX0\">along<\/span> <span class=\"NormalTextRun SpellingErrorV2Themed SCXW264375660 BCX0\">basalt<\/span> <span class=\"NormalTextRun SpellingErrorV2Themed SCXW264375660 BCX0\">cobbled<\/span><span class=\"NormalTextRun SCXW264375660 BCX0\"> streets <\/span><span class=\"NormalTextRun SpellingErrorV2Themed SCXW264375660 BCX0\">and<\/span> <span class=\"NormalTextRun SpellingErrorV2Themed SCXW264375660 BCX0\">under<\/span> <span class=\"NormalTextRun SpellingErrorV2Themed SCXW264375660 BCX0\">the<\/span><span class=\"NormalTextRun SCXW264375660 BCX0\"> soft hum <\/span><span class=\"NormalTextRun SpellingErrorV2Themed SCXW264375660 BCX0\">of<\/span> <span class=\"NormalTextRun SpellingErrorV2Themed SCXW264375660 BCX0\">curious<\/span> <span class=\"NormalTextRun SpellingErrorV2Themed SCXW264375660 BCX0\">visitors<\/span><\/span>.[\/vc_column_text][vc_empty_space height=&#8221;30px&#8221;]<a itemprop=\"url\" href=\"https:\/\/www.findmadeira.pt\/en\/blandys-wine-lodge-guided-tour-and-tasting-of-madeira-wines-with-history\/\" target=\"_blank\" style=\"background-color: #000000;border-color: #000000;font-size: 14px;font-weight: 400;text-align: center\" class=\"eltd-btn eltd-btn-medium eltd-btn-solid eltd-btn-custom-border-hover eltd-btn-custom-hover-color eltd-btn-icon\" data-hover-color=\"#000000\" data-hover-border-color=\"#000000\" data-icon-hover-color=\"#000000\" >\n    <span class=\"eltd-btn-text\"  >\n        SEE MORE    <\/span>\n\t        <span class=\"eltd-btn-icon-html\"  >\n            <span aria-hidden=\"true\" class=\"eltd-icon-font-elegant arrow_carrot-right \" ><\/span>        <\/span>\n\t<\/a>\t\t<\/div>\n\t<\/div>\n<\/div><\/div><\/div><\/div>[\/vc_column][\/vc_row]<\/p>\n<\/div>","protected":false},"excerpt":{"rendered":"<p>[vc_row full_height=&#8221;yes&#8221; video_bg=&#8221;yes&#8221; video_bg_url=&#8221;https:\/\/www.youtube.com\/watch?v=gRYgHkwGPfo&#8221; content_text_aligment=&#8221;center&#8221;][vc_column][\/vc_column][\/vc_row][vc_row row_content_width=&#8221;grid&#8221; content_text_aligment=&#8221;center&#8221; css=&#8221;.vc_custom_1764326824353{padding-top: 90px !important;padding-bottom: 130px !important;}&#8221;][vc_column width=&#8221;1\/6&#8243;][\/vc_column][vc_column width=&#8221;2\/3&#8243;][vc_custom_heading text=&#8221;Where Discovery Begins&#8221; font_container=&#8221;tag:h2|font_size:46|text_align:center|color:%23000000|line_height:1.2&#8243; google_fonts=&#8221;font_family:Source%20Sans%20Pro%3A200%2C200italic%2C300%2C300italic%2Cregular%2Citalic%2C600%2C600italic%2C700%2C700italic%2C900%2C900italic|font_style:900%20bold%20regular%3A900%3Anormal&#8221; css=&#8221;.vc_custom_1768991989780{margin-bottom: [&hellip;]<\/p>\n","protected":false},"author":1,"featured_media":10919,"parent":0,"menu_order":0,"comment_status":"closed","ping_status":"closed","template":"full-width.php","meta":{"_acf_changed":false,"_themeisle_gutenberg_block_has_review":false,"footnotes":""},"class_list":["post-4130","page","type-page","status-publish","has-post-thumbnail","hentry"],"acf":[],"yoast_head":"<!-- This site is optimized with the Yoast SEO plugin v27.4 - https:\/\/yoast.com\/product\/yoast-seo-wordpress\/ -->\n<title>Find Portugal - Travel, culture and lifestyle guide<\/title>\n<meta name=\"description\" content=\"An independent guide to places, experiences, cuisine and hotels in Portugal. Curated, local and contemporary content.\" \/>\n<meta name=\"robots\" content=\"index, follow, max-snippet:-1, max-image-preview:large, max-video-preview:-1\" \/>\n<link rel=\"canonical\" href=\"https:\/\/www.findportugal.pt\/en\/\" \/>\n<meta property=\"og:locale\" content=\"en_US\" \/>\n<meta property=\"og:type\" content=\"article\" \/>\n<meta property=\"og:title\" content=\"THE NEW FIND PORTUGAL IS HERE\" \/>\n<meta property=\"og:description\" content=\"An independent online magazine to rediscover the country with time, discernment and perspective. No advertising noise. No rush. No distractions.We talk about places, projects, flavours and ideas that stand the test of time, the new Portugal that is emerging and what deserves attention now. Every month, new articles with their own voice, written by independent editors, combining travel, culture, opinion and contemporary life. Find Portugal does not aim to say everything. It prefers to say what matters. Follow us. Find out more at www.findportugal.pt Discovering the new Portugal means knowing how to choose.\" \/>\n<meta property=\"og:url\" content=\"https:\/\/www.findportugal.pt\/en\/\" \/>\n<meta property=\"og:site_name\" content=\"Find Portugal\" \/>\n<meta property=\"article:modified_time\" content=\"2026-01-23T18:39:48+00:00\" \/>\n<meta property=\"og:image\" content=\"https:\/\/www.findportugal.pt\/wp-content\/uploads\/2026\/01\/Find-Portugal-Homepage.jpg\" \/>\n\t<meta property=\"og:image:width\" content=\"1200\" \/>\n\t<meta property=\"og:image:height\" content=\"630\" \/>\n\t<meta property=\"og:image:type\" content=\"image\/jpeg\" \/>\n<meta name=\"twitter:card\" content=\"summary_large_image\" \/>\n<meta name=\"twitter:title\" content=\"Find Portugal, a curated guide to discovering the country at your own pace and on your own terms\" \/>\n<meta name=\"twitter:description\" content=\"Places, experiences, cuisine and hotels chosen with an editorial eye. Portugal, without haste and without noise.\" \/>\n<meta name=\"twitter:image\" content=\"https:\/\/www.findportugal.pt\/wp-content\/uploads\/2026\/01\/Find-Portugal-Homepage.jpg\" \/>\n<meta name=\"twitter:label1\" content=\"Est. reading time\" \/>\n\t<meta name=\"twitter:data1\" content=\"4 minutes\" \/>\n<script type=\"application\/ld+json\" class=\"yoast-schema-graph\">{\"@context\":\"https:\\\/\\\/schema.org\",\"@graph\":[{\"@type\":\"WebPage\",\"@id\":\"https:\\\/\\\/www.findportugal.pt\\\/en\\\/\",\"url\":\"https:\\\/\\\/www.findportugal.pt\\\/en\\\/\",\"name\":\"Find Portugal - Travel, culture and lifestyle guide\",\"isPartOf\":{\"@id\":\"https:\\\/\\\/www.findportugal.pt\\\/en\\\/#website\"},\"primaryImageOfPage\":{\"@id\":\"https:\\\/\\\/www.findportugal.pt\\\/en\\\/#primaryimage\"},\"image\":{\"@id\":\"https:\\\/\\\/www.findportugal.pt\\\/en\\\/#primaryimage\"},\"thumbnailUrl\":\"https:\\\/\\\/www.findportugal.pt\\\/wp-content\\\/uploads\\\/2026\\\/01\\\/Find-Portugal-Homepage.jpg\",\"datePublished\":\"2017-06-07T09:56:11+00:00\",\"dateModified\":\"2026-01-23T18:39:48+00:00\",\"description\":\"An independent guide to places, experiences, cuisine and hotels in Portugal. Curated, local and contemporary content.\",\"breadcrumb\":{\"@id\":\"https:\\\/\\\/www.findportugal.pt\\\/en\\\/#breadcrumb\"},\"inLanguage\":\"en-US\",\"potentialAction\":[{\"@type\":\"ReadAction\",\"target\":[\"https:\\\/\\\/www.findportugal.pt\\\/en\\\/\"]}]},{\"@type\":\"ImageObject\",\"inLanguage\":\"en-US\",\"@id\":\"https:\\\/\\\/www.findportugal.pt\\\/en\\\/#primaryimage\",\"url\":\"https:\\\/\\\/www.findportugal.pt\\\/wp-content\\\/uploads\\\/2026\\\/01\\\/Find-Portugal-Homepage.jpg\",\"contentUrl\":\"https:\\\/\\\/www.findportugal.pt\\\/wp-content\\\/uploads\\\/2026\\\/01\\\/Find-Portugal-Homepage.jpg\",\"width\":1200,\"height\":630},{\"@type\":\"BreadcrumbList\",\"@id\":\"https:\\\/\\\/www.findportugal.pt\\\/en\\\/#breadcrumb\",\"itemListElement\":[{\"@type\":\"ListItem\",\"position\":1,\"name\":\"In\u00edcio\",\"item\":\"https:\\\/\\\/www.findportugal.pt\\\/en\\\/\"},{\"@type\":\"ListItem\",\"position\":2,\"name\":\"Home\"}]},{\"@type\":\"WebSite\",\"@id\":\"https:\\\/\\\/www.findportugal.pt\\\/en\\\/#website\",\"url\":\"https:\\\/\\\/www.findportugal.pt\\\/en\\\/\",\"name\":\"Find Madeira\",\"description\":\"\",\"potentialAction\":[{\"@type\":\"SearchAction\",\"target\":{\"@type\":\"EntryPoint\",\"urlTemplate\":\"https:\\\/\\\/www.findportugal.pt\\\/en\\\/?s={search_term_string}\"},\"query-input\":{\"@type\":\"PropertyValueSpecification\",\"valueRequired\":true,\"valueName\":\"search_term_string\"}}],\"inLanguage\":\"en-US\"}]}<\/script>\n<!-- \/ Yoast SEO plugin. -->","yoast_head_json":{"title":"Find Portugal - Travel, culture and lifestyle guide","description":"An independent guide to places, experiences, cuisine and hotels in Portugal. Curated, local and contemporary content.","robots":{"index":"index","follow":"follow","max-snippet":"max-snippet:-1","max-image-preview":"max-image-preview:large","max-video-preview":"max-video-preview:-1"},"canonical":"https:\/\/www.findportugal.pt\/en\/","og_locale":"en_US","og_type":"article","og_title":"THE NEW FIND PORTUGAL IS HERE","og_description":"An independent online magazine to rediscover the country with time, discernment and perspective. No advertising noise. No rush. No distractions.We talk about places, projects, flavours and ideas that stand the test of time, the new Portugal that is emerging and what deserves attention now. Every month, new articles with their own voice, written by independent editors, combining travel, culture, opinion and contemporary life. Find Portugal does not aim to say everything. It prefers to say what matters. Follow us. Find out more at www.findportugal.pt Discovering the new Portugal means knowing how to choose.","og_url":"https:\/\/www.findportugal.pt\/en\/","og_site_name":"Find Portugal","article_modified_time":"2026-01-23T18:39:48+00:00","og_image":[{"width":1200,"height":630,"url":"https:\/\/www.findportugal.pt\/wp-content\/uploads\/2026\/01\/Find-Portugal-Homepage.jpg","type":"image\/jpeg"}],"twitter_card":"summary_large_image","twitter_title":"Find Portugal, a curated guide to discovering the country at your own pace and on your own terms","twitter_description":"Places, experiences, cuisine and hotels chosen with an editorial eye. Portugal, without haste and without noise.","twitter_image":"https:\/\/www.findportugal.pt\/wp-content\/uploads\/2026\/01\/Find-Portugal-Homepage.jpg","twitter_misc":{"Est. reading time":"4 minutes"},"schema":{"@context":"https:\/\/schema.org","@graph":[{"@type":"WebPage","@id":"https:\/\/www.findportugal.pt\/en\/","url":"https:\/\/www.findportugal.pt\/en\/","name":"Find Portugal - Travel, culture and lifestyle guide","isPartOf":{"@id":"https:\/\/www.findportugal.pt\/en\/#website"},"primaryImageOfPage":{"@id":"https:\/\/www.findportugal.pt\/en\/#primaryimage"},"image":{"@id":"https:\/\/www.findportugal.pt\/en\/#primaryimage"},"thumbnailUrl":"https:\/\/www.findportugal.pt\/wp-content\/uploads\/2026\/01\/Find-Portugal-Homepage.jpg","datePublished":"2017-06-07T09:56:11+00:00","dateModified":"2026-01-23T18:39:48+00:00","description":"An independent guide to places, experiences, cuisine and hotels in Portugal. Curated, local and contemporary content.","breadcrumb":{"@id":"https:\/\/www.findportugal.pt\/en\/#breadcrumb"},"inLanguage":"en-US","potentialAction":[{"@type":"ReadAction","target":["https:\/\/www.findportugal.pt\/en\/"]}]},{"@type":"ImageObject","inLanguage":"en-US","@id":"https:\/\/www.findportugal.pt\/en\/#primaryimage","url":"https:\/\/www.findportugal.pt\/wp-content\/uploads\/2026\/01\/Find-Portugal-Homepage.jpg","contentUrl":"https:\/\/www.findportugal.pt\/wp-content\/uploads\/2026\/01\/Find-Portugal-Homepage.jpg","width":1200,"height":630},{"@type":"BreadcrumbList","@id":"https:\/\/www.findportugal.pt\/en\/#breadcrumb","itemListElement":[{"@type":"ListItem","position":1,"name":"In\u00edcio","item":"https:\/\/www.findportugal.pt\/en\/"},{"@type":"ListItem","position":2,"name":"Home"}]},{"@type":"WebSite","@id":"https:\/\/www.findportugal.pt\/en\/#website","url":"https:\/\/www.findportugal.pt\/en\/","name":"Find Madeira","description":"","potentialAction":[{"@type":"SearchAction","target":{"@type":"EntryPoint","urlTemplate":"https:\/\/www.findportugal.pt\/en\/?s={search_term_string}"},"query-input":{"@type":"PropertyValueSpecification","valueRequired":true,"valueName":"search_term_string"}}],"inLanguage":"en-US"}]}},"_links":{"self":[{"href":"https:\/\/www.findportugal.pt\/en\/wp-json\/wp\/v2\/pages\/4130","targetHints":{"allow":["GET"]}}],"collection":[{"href":"https:\/\/www.findportugal.pt\/en\/wp-json\/wp\/v2\/pages"}],"about":[{"href":"https:\/\/www.findportugal.pt\/en\/wp-json\/wp\/v2\/types\/page"}],"author":[{"embeddable":true,"href":"https:\/\/www.findportugal.pt\/en\/wp-json\/wp\/v2\/users\/1"}],"replies":[{"embeddable":true,"href":"https:\/\/www.findportugal.pt\/en\/wp-json\/wp\/v2\/comments?post=4130"}],"version-history":[{"count":61,"href":"https:\/\/www.findportugal.pt\/en\/wp-json\/wp\/v2\/pages\/4130\/revisions"}],"predecessor-version":[{"id":10911,"href":"https:\/\/www.findportugal.pt\/en\/wp-json\/wp\/v2\/pages\/4130\/revisions\/10911"}],"wp:featuredmedia":[{"embeddable":true,"href":"https:\/\/www.findportugal.pt\/en\/wp-json\/wp\/v2\/media\/10919"}],"wp:attachment":[{"href":"https:\/\/www.findportugal.pt\/en\/wp-json\/wp\/v2\/media?parent=4130"}],"curies":[{"name":"wp","href":"https:\/\/api.w.org\/{rel}","templated":true}]}}